{"id":14861,"date":"2019-05-24T10:28:27","date_gmt":"2019-05-24T13:28:27","guid":{"rendered":"https:\/\/adalgisaalmeida.com.br\/site\/?post_type=tribe_events&#038;p=14861"},"modified":"2019-06-27T13:04:52","modified_gmt":"2019-06-27T16:04:52","slug":"curso-de-confeitaria-decoracao-de-doces-de-batizado-demonstrativo-com-adalgisa-almeida","status":"publish","type":"tribe_events","link":"https:\/\/adalgisaalmeida.com.br\/site\/event\/curso-de-confeitaria-decoracao-de-doces-de-batizado-demonstrativo-com-adalgisa-almeida\/","title":{"rendered":"Curso de Confeitaria &#8211; Decora\u00e7\u00e3o de Doces de Batizado &#8211; DEMONSTRATIVO &#8211; com Adalgisa Almeida"},"content":{"rendered":"<p><strong>Curso de Confeitaria &#8211; Decora\u00e7\u00e3o de Doces de Batizado \u2013 DEMONSTRATIVO \u00a0<\/strong><\/p>\n<p>Esta aula foi\u00a0minuciosamente elaborada com \u00a0novidades em decora\u00e7\u00f5es e t\u00e9cnicas para as festas de Batizado.<\/p>\n<p>O objetivo desta aula \u00e9 a transforma\u00e7\u00e3o de doces comuns em obras de arte, de forma pr\u00e1tica, deixando-os lindos e mantendo a qualidade e o sabor.<\/p>\n<p><strong>Conte\u00fado:<\/strong><\/p>\n<p>Ser\u00e3o ensinadas 4 decora\u00e7\u00f5es:<\/p>\n<ul>\n<li>Nossa Senhora feita em cone recheado<\/li>\n<li>Capela de Minibolo<\/li>\n<li>Cupcake com decora\u00e7\u00e3o suspensa e molde exclusivo<\/li>\n<li>B\u00edblia decorada<\/li>\n<li>Pirulitos de Chocolate decorados<\/li>\n<li>Ideias para decorar bombons<\/li>\n<\/ul>\n<p>As decora\u00e7\u00f5es ser\u00e3o elaboradas em\u00a0variadas t\u00e9cnicas:<\/p>\n<ul>\n<li>Decora\u00e7\u00e3o com Glac\u00ea Real<\/li>\n<li>Pintura perolada localizada<\/li>\n<li>Utiliza\u00e7\u00e3o de placas marcadoras<\/li>\n<li>Utiliza\u00e7\u00e3o de pasta de a\u00e7\u00facar em silicones<\/li>\n<li>Utiliza\u00e7\u00e3o de cortadores e ejetores<\/li>\n<li>Modelagem<\/li>\n<\/ul>\n<p><strong>Dicas de embalagens &#8211; planejamento de produ\u00e7\u00e3o &#8211; padroniza\u00e7\u00e3o \u2013 conserva\u00e7\u00e3o &#8211; log\u00edstica e armazenamento<\/strong><\/p>\n<p><strong>Metodologia:<\/strong><\/p>\n<p>Os doces ser\u00e3o\u00a0decorados passo a passo em aula demonstrativa.<\/p>\n<p>O aluno aprender\u00e1 a decorar os\u00a0doces, com detalhes em chocolate e com acabamentos em pastas de a\u00e7\u00facar, o que deixa o doce surpreendente e diferenciado.<\/p>\n<p><strong>Informa\u00e7\u00f5es de inscri\u00e7\u00e3o:<\/strong><\/p>\n<p>As inscri\u00e7\u00f5es devem ser feitas no site do evento em: <a href=\"http:\/\/www.experiencecakeartnordeste.com.br\/products-page\/checkout\/\">www.experiencecakeartnordeste.com.br\/products-page\/checkout\/<\/a><\/p>\n<p>Data: 28\/08\/2019 de 14:00 \u00e0s 16:00 horas<\/p>\n<p>Requisito: Idade m\u00ednima de 16 anos. N\u00e3o \u00e9 necess\u00e1rio trazer nenhum material.<\/p>\n<p>Carga Hor\u00e1ria: 2 horas<\/p>\n<p>Professora: Adalgisa Almeida<\/p>\n<p><img loading=\"lazy\" decoding=\"async\" class=\"aligncenter size-thumbnail wp-image-14928\" src=\"https:\/\/adalgisaalmeida.com.br\/site\/wp-content\/uploads\/2019\/05\/IMG_5943-150x150.jpeg\" alt=\"\" width=\"150\" height=\"150\" srcset=\"https:\/\/adalgisaalmeida.com.br\/site\/wp-content\/uploads\/2019\/05\/IMG_5943-150x150.jpeg 150w, https:\/\/adalgisaalmeida.com.br\/site\/wp-content\/uploads\/2019\/05\/IMG_5943-80x80.jpeg 80w, https:\/\/adalgisaalmeida.com.br\/site\/wp-content\/uploads\/2019\/05\/IMG_5943-85x85.jpeg 85w\" sizes=\"auto, (max-width: 150px) 100vw, 150px\" \/> <img loading=\"lazy\" decoding=\"async\" class=\"aligncenter size-thumbnail wp-image-14929\" src=\"https:\/\/adalgisaalmeida.com.br\/site\/wp-content\/uploads\/2019\/05\/WhatsApp-Image-2019-06-27-at-12.29.44-150x150.jpeg\" alt=\"\" width=\"150\" height=\"150\" srcset=\"https:\/\/adalgisaalmeida.com.br\/site\/wp-content\/uploads\/2019\/05\/WhatsApp-Image-2019-06-27-at-12.29.44-150x150.jpeg 150w, https:\/\/adalgisaalmeida.com.br\/site\/wp-content\/uploads\/2019\/05\/WhatsApp-Image-2019-06-27-at-12.29.44-80x80.jpeg 80w, https:\/\/adalgisaalmeida.com.br\/site\/wp-content\/uploads\/2019\/05\/WhatsApp-Image-2019-06-27-at-12.29.44-85x85.jpeg 85w\" sizes=\"auto, (max-width: 150px) 100vw, 150px\" \/> <img loading=\"lazy\" decoding=\"async\" class=\"aligncenter size-thumbnail wp-image-14930\" src=\"https:\/\/adalgisaalmeida.com.br\/site\/wp-content\/uploads\/2019\/05\/WhatsApp-Image-2019-06-27-at-12.38.32-150x150.jpeg\" alt=\"\" width=\"150\" height=\"150\" srcset=\"https:\/\/adalgisaalmeida.com.br\/site\/wp-content\/uploads\/2019\/05\/WhatsApp-Image-2019-06-27-at-12.38.32-150x150.jpeg 150w, https:\/\/adalgisaalmeida.com.br\/site\/wp-content\/uploads\/2019\/05\/WhatsApp-Image-2019-06-27-at-12.38.32-80x80.jpeg 80w, https:\/\/adalgisaalmeida.com.br\/site\/wp-content\/uploads\/2019\/05\/WhatsApp-Image-2019-06-27-at-12.38.32-85x85.jpeg 85w\" sizes=\"auto, (max-width: 150px) 100vw, 150px\" \/> <img loading=\"lazy\" decoding=\"async\" class=\"aligncenter size-thumbnail wp-image-14931\" src=\"https:\/\/adalgisaalmeida.com.br\/site\/wp-content\/uploads\/2019\/05\/WhatsApp-Image-2019-06-27-at-12.43.08-150x150.jpeg\" alt=\"\" width=\"150\" height=\"150\" srcset=\"https:\/\/adalgisaalmeida.com.br\/site\/wp-content\/uploads\/2019\/05\/WhatsApp-Image-2019-06-27-at-12.43.08-150x150.jpeg 150w, https:\/\/adalgisaalmeida.com.br\/site\/wp-content\/uploads\/2019\/05\/WhatsApp-Image-2019-06-27-at-12.43.08-80x80.jpeg 80w, https:\/\/adalgisaalmeida.com.br\/site\/wp-content\/uploads\/2019\/05\/WhatsApp-Image-2019-06-27-at-12.43.08-85x85.jpeg 85w\" sizes=\"auto, (max-width: 150px) 100vw, 150px\" \/> <img loading=\"lazy\" decoding=\"async\" class=\"aligncenter size-thumbnail wp-image-14932\" src=\"https:\/\/adalgisaalmeida.com.br\/site\/wp-content\/uploads\/2019\/05\/WhatsApp-Image-2019-06-27-at-12.43.35-150x150.jpeg\" alt=\"\" width=\"150\" height=\"150\" srcset=\"https:\/\/adalgisaalmeida.com.br\/site\/wp-content\/uploads\/2019\/05\/WhatsApp-Image-2019-06-27-at-12.43.35-150x150.jpeg 150w, https:\/\/adalgisaalmeida.com.br\/site\/wp-content\/uploads\/2019\/05\/WhatsApp-Image-2019-06-27-at-12.43.35-80x80.jpeg 80w, https:\/\/adalgisaalmeida.com.br\/site\/wp-content\/uploads\/2019\/05\/WhatsApp-Image-2019-06-27-at-12.43.35-85x85.jpeg 85w\" sizes=\"auto, (max-width: 150px) 100vw, 150px\" \/> <img loading=\"lazy\" decoding=\"async\" class=\"aligncenter size-thumbnail wp-image-14933\" src=\"https:\/\/adalgisaalmeida.com.br\/site\/wp-content\/uploads\/2019\/05\/WhatsApp-Image-2019-06-27-at-12.44.11-150x150.jpeg\" alt=\"\" width=\"150\" height=\"150\" srcset=\"https:\/\/adalgisaalmeida.com.br\/site\/wp-content\/uploads\/2019\/05\/WhatsApp-Image-2019-06-27-at-12.44.11-150x150.jpeg 150w, https:\/\/adalgisaalmeida.com.br\/site\/wp-content\/uploads\/2019\/05\/WhatsApp-Image-2019-06-27-at-12.44.11-80x80.jpeg 80w, https:\/\/adalgisaalmeida.com.br\/site\/wp-content\/uploads\/2019\/05\/WhatsApp-Image-2019-06-27-at-12.44.11-85x85.jpeg 85w\" sizes=\"auto, (max-width: 150px) 100vw, 150px\" \/><\/p>\n","protected":false},"excerpt":{"rendered":"<p>Curso de Confeitaria &#8211; Decora\u00e7\u00e3o de Doces de Batizado \u2013 DEMONSTRATIVO \u00a0 Esta aula foi\u00a0minuciosamente elaborada com \u00a0novidades em decora\u00e7\u00f5es e t\u00e9cnicas para as festas de Batizado. O objetivo desta [&hellip;]<\/p>\n","protected":false},"author":4,"featured_media":14865,"comment_status":"closed","ping_status":"closed","template":"","meta":{"_tribe_events_status":"","_tribe_events_status_reason":"","footnotes":""},"tags":[],"tribe_events_cat":[],"class_list":["post-14861","tribe_events","type-tribe_events","status-publish","hentry"],"_links":{"self":[{"href":"https:\/\/adalgisaalmeida.com.br\/site\/wp-json\/wp\/v2\/tribe_events\/14861","targetHints":{"allow":["GET"]}}],"collection":[{"href":"https:\/\/adalgisaalmeida.com.br\/site\/wp-json\/wp\/v2\/tribe_events"}],"about":[{"href":"https:\/\/adalgisaalmeida.com.br\/site\/wp-json\/wp\/v2\/types\/tribe_events"}],"author":[{"embeddable":true,"href":"https:\/\/adalgisaalmeida.com.br\/site\/wp-json\/wp\/v2\/users\/4"}],"replies":[{"embeddable":true,"href":"https:\/\/adalgisaalmeida.com.br\/site\/wp-json\/wp\/v2\/comments?post=14861"}],"version-history":[{"count":6,"href":"https:\/\/adalgisaalmeida.com.br\/site\/wp-json\/wp\/v2\/tribe_events\/14861\/revisions"}],"predecessor-version":[{"id":14934,"href":"https:\/\/adalgisaalmeida.com.br\/site\/wp-json\/wp\/v2\/tribe_events\/14861\/revisions\/14934"}],"wp:featuredmedia":[{"embeddable":true,"href":"https:\/\/adalgisaalmeida.com.br\/site\/wp-json\/wp\/v2\/media\/14865"}],"wp:attachment":[{"href":"https:\/\/adalgisaalmeida.com.br\/site\/wp-json\/wp\/v2\/media?parent=14861"}],"wp:term":[{"taxonomy":"post_tag","embeddable":true,"href":"https:\/\/adalgisaalmeida.com.br\/site\/wp-json\/wp\/v2\/tags?post=14861"},{"taxonomy":"tribe_events_cat","embeddable":true,"href":"https:\/\/adalgisaalmeida.com.br\/site\/wp-json\/wp\/v2\/tribe_events_cat?post=14861"}],"curies":[{"name":"wp","href":"https:\/\/api.w.org\/{rel}","templated":true}]}}