{"id":14797,"date":"2019-04-26T01:50:59","date_gmt":"2019-04-26T04:50:59","guid":{"rendered":"https:\/\/adalgisaalmeida.com.br\/site\/?post_type=tribe_events&#038;p=14797"},"modified":"2019-05-18T20:58:54","modified_gmt":"2019-05-18T23:58:54","slug":"curso-de-confeitaria-flores-pratico","status":"publish","type":"tribe_events","link":"https:\/\/adalgisaalmeida.com.br\/site\/event\/curso-de-confeitaria-flores-pratico\/","title":{"rendered":"Curso de Confeitaria &#8211; Flores de A\u00e7\u00facar &#8211; PR\u00c1TICO &#8211; com Lili Moreira"},"content":{"rendered":"<p><span style=\"color: #000000;\"><span style=\"font-family: 'Arial Narrow', sans-serif;\"><span style=\"font-size: medium;\"><b>CURSO DE FLORES DE A\u00c7\u00daCAR &#8211; PR\u00c1TICO<\/b><\/span><\/span><\/span><\/p>\n<p><span style=\"color: #000000;\"><span style=\"font-family: 'Arial Narrow', sans-serif;\"><span style=\"font-size: medium;\">Lili Moreira preparou um curso especial que, em 2 dias de aula, traz conceitos b\u00e1sicos e t\u00e9cnicas fundamentais de forma\u00e7\u00e3o em confeitaria para aqueles que desejam aprender a fazer Flores de A\u00e7\u00facar.<\/span><\/span><\/span><\/p>\n<p><span style=\"color: #000000;\"><span style=\"font-family: 'Arial Narrow', sans-serif;\"><span style=\"font-size: medium;\">O Curso \u00e9 presencial, pr\u00e1tico, e o valor do curso inclui todo o material disponibilizado para a pr\u00e1tica, inclusive os cortadores e moldes de silicone das flores, apostila em cores com passo a passo e certificado.<\/span><\/span><\/span><\/p>\n<p><span style=\"color: #000000;\"><span style=\"font-family: 'Arial Narrow', sans-serif;\"><span style=\"font-size: medium;\">CONTE\u00daDO:<\/span><\/span><\/span><\/p>\n<p>&#8211; Preparo e execu\u00e7\u00e3o da receita da massa para flores pela professora em aula, dicas de como conservar a massa adequadamente<\/p>\n<p>&#8211; Explana\u00e7\u00e3o sobre os tipos e n\u00fameros de arames florais e fitas florais<\/p>\n<p>&#8211; T\u00e9cnicas de execu\u00e7\u00e3o das flores:<\/p>\n<ol>\n<li>como abrir a massa<\/li>\n<li>Como cortar corretamente<\/li>\n<li>Como marcar<\/li>\n<li>Como aramar<\/li>\n<li>Como secar as p\u00e9talas e folhas<\/li>\n<li>Como dar movimento e leveza<\/li>\n<li>Como pintar<\/li>\n<li>Como montar corretamente a flor<\/li>\n<\/ol>\n<p>Modelagem de flores em a\u00e7\u00facar, a saber:<\/p>\n<ol>\n<li>ORQU\u00cdDEA PHALAEN\u00d3PSIS<\/li>\n<li>ORQU\u00cdDEA CYMBIDIUM<\/li>\n<li>MAGN\u00d3LIA<\/li>\n<li>HIBISCO<\/li>\n<li>ALSTROEM\u00c9RIA<\/li>\n<li>PE\u00d4NIA<\/li>\n<li>CEREJEIRAS<\/li>\n<li>ROSA<\/li>\n<\/ol>\n<p>&nbsp;<\/p>\n<p><img loading=\"lazy\" decoding=\"async\" class=\"aligncenter size-thumbnail wp-image-14827\" src=\"https:\/\/adalgisaalmeida.com.br\/site\/wp-content\/uploads\/2019\/04\/WhatsApp-Image-2019-05-17-at-14.09.49-150x150.jpeg\" alt=\"\" width=\"150\" height=\"150\" srcset=\"https:\/\/adalgisaalmeida.com.br\/site\/wp-content\/uploads\/2019\/04\/WhatsApp-Image-2019-05-17-at-14.09.49-150x150.jpeg 150w, https:\/\/adalgisaalmeida.com.br\/site\/wp-content\/uploads\/2019\/04\/WhatsApp-Image-2019-05-17-at-14.09.49-80x80.jpeg 80w, https:\/\/adalgisaalmeida.com.br\/site\/wp-content\/uploads\/2019\/04\/WhatsApp-Image-2019-05-17-at-14.09.49-85x85.jpeg 85w\" sizes=\"auto, (max-width: 150px) 100vw, 150px\" \/> <img loading=\"lazy\" decoding=\"async\" class=\"aligncenter size-thumbnail wp-image-14826\" src=\"https:\/\/adalgisaalmeida.com.br\/site\/wp-content\/uploads\/2019\/04\/WhatsApp-Image-2019-05-17-at-14.09.49-1-150x150.jpeg\" alt=\"\" width=\"150\" height=\"150\" srcset=\"https:\/\/adalgisaalmeida.com.br\/site\/wp-content\/uploads\/2019\/04\/WhatsApp-Image-2019-05-17-at-14.09.49-1-150x150.jpeg 150w, https:\/\/adalgisaalmeida.com.br\/site\/wp-content\/uploads\/2019\/04\/WhatsApp-Image-2019-05-17-at-14.09.49-1-50x50.jpeg 50w, https:\/\/adalgisaalmeida.com.br\/site\/wp-content\/uploads\/2019\/04\/WhatsApp-Image-2019-05-17-at-14.09.49-1-80x80.jpeg 80w, https:\/\/adalgisaalmeida.com.br\/site\/wp-content\/uploads\/2019\/04\/WhatsApp-Image-2019-05-17-at-14.09.49-1-76x75.jpeg 76w, https:\/\/adalgisaalmeida.com.br\/site\/wp-content\/uploads\/2019\/04\/WhatsApp-Image-2019-05-17-at-14.09.49-1-85x85.jpeg 85w\" sizes=\"auto, (max-width: 150px) 100vw, 150px\" \/> <img loading=\"lazy\" decoding=\"async\" class=\"aligncenter size-thumbnail wp-image-14825\" src=\"https:\/\/adalgisaalmeida.com.br\/site\/wp-content\/uploads\/2019\/04\/WhatsApp-Image-2019-05-17-at-14.09.49-2-150x150.jpeg\" alt=\"\" width=\"150\" height=\"150\" srcset=\"https:\/\/adalgisaalmeida.com.br\/site\/wp-content\/uploads\/2019\/04\/WhatsApp-Image-2019-05-17-at-14.09.49-2-150x150.jpeg 150w, https:\/\/adalgisaalmeida.com.br\/site\/wp-content\/uploads\/2019\/04\/WhatsApp-Image-2019-05-17-at-14.09.49-2-50x50.jpeg 50w, https:\/\/adalgisaalmeida.com.br\/site\/wp-content\/uploads\/2019\/04\/WhatsApp-Image-2019-05-17-at-14.09.49-2-80x80.jpeg 80w, https:\/\/adalgisaalmeida.com.br\/site\/wp-content\/uploads\/2019\/04\/WhatsApp-Image-2019-05-17-at-14.09.49-2-85x85.jpeg 85w\" sizes=\"auto, (max-width: 150px) 100vw, 150px\" \/> <img loading=\"lazy\" decoding=\"async\" class=\"aligncenter size-thumbnail wp-image-14824\" src=\"https:\/\/adalgisaalmeida.com.br\/site\/wp-content\/uploads\/2019\/04\/WhatsApp-Image-2019-05-17-at-14.09.49-3-150x150.jpeg\" alt=\"\" width=\"150\" height=\"150\" srcset=\"https:\/\/adalgisaalmeida.com.br\/site\/wp-content\/uploads\/2019\/04\/WhatsApp-Image-2019-05-17-at-14.09.49-3-150x150.jpeg 150w, https:\/\/adalgisaalmeida.com.br\/site\/wp-content\/uploads\/2019\/04\/WhatsApp-Image-2019-05-17-at-14.09.49-3-300x300.jpeg 300w, https:\/\/adalgisaalmeida.com.br\/site\/wp-content\/uploads\/2019\/04\/WhatsApp-Image-2019-05-17-at-14.09.49-3.jpeg 1024w, https:\/\/adalgisaalmeida.com.br\/site\/wp-content\/uploads\/2019\/04\/WhatsApp-Image-2019-05-17-at-14.09.49-3-146x146.jpeg 146w, https:\/\/adalgisaalmeida.com.br\/site\/wp-content\/uploads\/2019\/04\/WhatsApp-Image-2019-05-17-at-14.09.49-3-50x50.jpeg 50w, https:\/\/adalgisaalmeida.com.br\/site\/wp-content\/uploads\/2019\/04\/WhatsApp-Image-2019-05-17-at-14.09.49-3-80x80.jpeg 80w, https:\/\/adalgisaalmeida.com.br\/site\/wp-content\/uploads\/2019\/04\/WhatsApp-Image-2019-05-17-at-14.09.49-3-75x75.jpeg 75w, https:\/\/adalgisaalmeida.com.br\/site\/wp-content\/uploads\/2019\/04\/WhatsApp-Image-2019-05-17-at-14.09.49-3-85x85.jpeg 85w\" sizes=\"auto, (max-width: 150px) 100vw, 150px\" \/> <img loading=\"lazy\" decoding=\"async\" class=\"aligncenter size-thumbnail wp-image-14823\" src=\"https:\/\/adalgisaalmeida.com.br\/site\/wp-content\/uploads\/2019\/04\/WhatsApp-Image-2019-05-17-at-14.09.49-4-150x150.jpeg\" alt=\"\" width=\"150\" height=\"150\" srcset=\"https:\/\/adalgisaalmeida.com.br\/site\/wp-content\/uploads\/2019\/04\/WhatsApp-Image-2019-05-17-at-14.09.49-4-150x150.jpeg 150w, https:\/\/adalgisaalmeida.com.br\/site\/wp-content\/uploads\/2019\/04\/WhatsApp-Image-2019-05-17-at-14.09.49-4-300x298.jpeg 300w, https:\/\/adalgisaalmeida.com.br\/site\/wp-content\/uploads\/2019\/04\/WhatsApp-Image-2019-05-17-at-14.09.49-4.jpeg 1024w, https:\/\/adalgisaalmeida.com.br\/site\/wp-content\/uploads\/2019\/04\/WhatsApp-Image-2019-05-17-at-14.09.49-4-147x146.jpeg 147w, https:\/\/adalgisaalmeida.com.br\/site\/wp-content\/uploads\/2019\/04\/WhatsApp-Image-2019-05-17-at-14.09.49-4-50x50.jpeg 50w, https:\/\/adalgisaalmeida.com.br\/site\/wp-content\/uploads\/2019\/04\/WhatsApp-Image-2019-05-17-at-14.09.49-4-80x80.jpeg 80w, https:\/\/adalgisaalmeida.com.br\/site\/wp-content\/uploads\/2019\/04\/WhatsApp-Image-2019-05-17-at-14.09.49-4-76x75.jpeg 76w, https:\/\/adalgisaalmeida.com.br\/site\/wp-content\/uploads\/2019\/04\/WhatsApp-Image-2019-05-17-at-14.09.49-4-85x85.jpeg 85w\" sizes=\"auto, (max-width: 150px) 100vw, 150px\" \/>\u00a0\u00a0<img loading=\"lazy\" decoding=\"async\" class=\"aligncenter size-thumbnail wp-image-14822\" src=\"https:\/\/adalgisaalmeida.com.br\/site\/wp-content\/uploads\/2019\/04\/WhatsApp-Image-2019-05-17-at-14.09.49-5-150x150.jpeg\" alt=\"\" width=\"150\" height=\"150\" srcset=\"https:\/\/adalgisaalmeida.com.br\/site\/wp-content\/uploads\/2019\/04\/WhatsApp-Image-2019-05-17-at-14.09.49-5-150x150.jpeg 150w, https:\/\/adalgisaalmeida.com.br\/site\/wp-content\/uploads\/2019\/04\/WhatsApp-Image-2019-05-17-at-14.09.49-5-50x50.jpeg 50w, https:\/\/adalgisaalmeida.com.br\/site\/wp-content\/uploads\/2019\/04\/WhatsApp-Image-2019-05-17-at-14.09.49-5-80x80.jpeg 80w, https:\/\/adalgisaalmeida.com.br\/site\/wp-content\/uploads\/2019\/04\/WhatsApp-Image-2019-05-17-at-14.09.49-5-85x85.jpeg 85w\" sizes=\"auto, (max-width: 150px) 100vw, 150px\" \/><img loading=\"lazy\" decoding=\"async\" class=\"aligncenter size-thumbnail wp-image-14821\" src=\"https:\/\/adalgisaalmeida.com.br\/site\/wp-content\/uploads\/2019\/04\/WhatsApp-Image-2019-05-17-at-14.09.49-6-150x150.jpeg\" alt=\"\" width=\"150\" height=\"150\" srcset=\"https:\/\/adalgisaalmeida.com.br\/site\/wp-content\/uploads\/2019\/04\/WhatsApp-Image-2019-05-17-at-14.09.49-6-150x150.jpeg 150w, https:\/\/adalgisaalmeida.com.br\/site\/wp-content\/uploads\/2019\/04\/WhatsApp-Image-2019-05-17-at-14.09.49-6-50x50.jpeg 50w, https:\/\/adalgisaalmeida.com.br\/site\/wp-content\/uploads\/2019\/04\/WhatsApp-Image-2019-05-17-at-14.09.49-6-80x80.jpeg 80w, https:\/\/adalgisaalmeida.com.br\/site\/wp-content\/uploads\/2019\/04\/WhatsApp-Image-2019-05-17-at-14.09.49-6-85x85.jpeg 85w\" sizes=\"auto, (max-width: 150px) 100vw, 150px\" \/> <img loading=\"lazy\" decoding=\"async\" class=\"aligncenter size-thumbnail wp-image-14820\" src=\"https:\/\/adalgisaalmeida.com.br\/site\/wp-content\/uploads\/2019\/04\/WhatsApp-Image-2019-05-17-at-14.09.49-7-150x150.jpeg\" alt=\"\" width=\"150\" height=\"150\" srcset=\"https:\/\/adalgisaalmeida.com.br\/site\/wp-content\/uploads\/2019\/04\/WhatsApp-Image-2019-05-17-at-14.09.49-7-150x150.jpeg 150w, https:\/\/adalgisaalmeida.com.br\/site\/wp-content\/uploads\/2019\/04\/WhatsApp-Image-2019-05-17-at-14.09.49-7-80x80.jpeg 80w, https:\/\/adalgisaalmeida.com.br\/site\/wp-content\/uploads\/2019\/04\/WhatsApp-Image-2019-05-17-at-14.09.49-7-85x85.jpeg 85w\" sizes=\"auto, (max-width: 150px) 100vw, 150px\" \/><\/p>\n<p><span style=\"color: #000000;\"><span style=\"font-family: 'Arial Narrow', sans-serif;\"><span style=\"font-size: medium;\">METODOLOGIA:<\/span><\/span><\/span><\/p>\n<p><span style=\"color: #000000;\"><span style=\"font-family: 'Arial Narrow', sans-serif;\"><span style=\"font-size: medium;\">O curso \u00e9 pr\u00e1tico com momentos alternados entre a demonstra\u00e7\u00e3o da professora e a fundamenta\u00e7\u00e3o te\u00f3rica. Os alunos ser\u00e3o orientados dinamicamente nas etapas das aulas, com o objetivo de ao final do curso terem aprendido o passo a passo desde o preparo das massa de flores, aplica\u00e7\u00e3o das t\u00e9cnicas e produ\u00e7\u00e3o de oito lindas flores de a\u00e7\u00facar.<\/span><\/span><\/span><\/p>\n<p><span style=\"color: #000000;\"><span style=\"font-family: 'Arial Narrow', sans-serif;\"><span style=\"font-size: medium;\">Cada aluno produzir\u00e1, decorar\u00e1 e levar\u00e1 para casa suas flores conforme a foto.<\/span><\/span><\/span><\/p>\n<p><span style=\"color: #000000;\"><span style=\"font-family: 'Arial Narrow', sans-serif;\"><span style=\"font-size: medium;\">INFORMA\u00c7\u00d5ES GERAIS:<\/span><\/span><\/span><\/p>\n<p><span style=\"color: #000000;\"><span style=\"font-family: 'Arial Narrow', sans-serif;\"><span style=\"font-size: medium;\">Requisito: idade m\u00ednima de 16 anos.<br \/>\nCarga Hor\u00e1ria: 14 horas.<br \/>\nN\u00famero de vagas: 10<br \/>\nP\u00fablico alvo: p\u00fablico geral interessado<br \/>\nProfessora: Lili Moreira<br \/>\nRealiza\u00e7\u00e3o: dias 30 e 31 de julho de 2019, de 9h \u00e0s 17hs com intervalo para almo\u00e7o<\/span><\/span><\/span><\/p>\n<p><span style=\"color: #000000;\"><span style=\"font-family: 'Arial Narrow', sans-serif;\"><span style=\"font-size: medium;\">INVESTIMENTO: <\/span><\/span><\/span><\/p>\n<p><span style=\"color: #000000;\"><span style=\"font-family: 'Arial Narrow', sans-serif;\"><span style=\"font-size: medium;\">4 x de R$248 sem juros no cart\u00e3o de cr\u00e9dito<\/span><\/span><\/span><\/p>\n<p><span style=\"color: #000000;\"><span style=\"font-family: 'Arial Narrow', sans-serif;\"><span style=\"font-size: medium;\">ou desconto de 10% para pagamento \u00e0 vista, via dep\u00f3sito ou transfer\u00eancia banc\u00e1ria: R$900<\/span><\/span><\/span><\/p>\n<p><span style=\"font-family: 'Times New Roman', serif;\"><span style=\"font-size: medium;\"><span style=\"color: #000000;\"><span style=\"font-family: 'Arial Narrow', sans-serif;\">Para se inscrever, entre em contato conosco pelo e-mail <a href=\"mailto:cursos@adalgisaalmeida.com.br\" target=\"_blank\" rel=\"noopener\">cursos@adalgisaalmeida.com.br<\/a><br \/>\nou pela central de inscri\u00e7\u00f5es no telefone (31)3344-8373 ou pelo Whatsapp (31)9 8878-0836<\/span><\/span><\/span><\/span><\/p>\n","protected":false},"excerpt":{"rendered":"<p>CURSO DE FLORES DE A\u00c7\u00daCAR &#8211; PR\u00c1TICO Lili Moreira preparou um curso especial que, em 2 dias de aula, traz conceitos b\u00e1sicos e t\u00e9cnicas fundamentais de forma\u00e7\u00e3o em confeitaria para [&hellip;]<\/p>\n","protected":false},"author":4,"featured_media":14828,"comment_status":"closed","ping_status":"closed","template":"","meta":{"_tribe_events_status":"","_tribe_events_status_reason":"","footnotes":""},"tags":[],"tribe_events_cat":[],"class_list":["post-14797","tribe_events","type-tribe_events","status-publish","hentry"],"_links":{"self":[{"href":"https:\/\/adalgisaalmeida.com.br\/site\/wp-json\/wp\/v2\/tribe_events\/14797","targetHints":{"allow":["GET"]}}],"collection":[{"href":"https:\/\/adalgisaalmeida.com.br\/site\/wp-json\/wp\/v2\/tribe_events"}],"about":[{"href":"https:\/\/adalgisaalmeida.com.br\/site\/wp-json\/wp\/v2\/types\/tribe_events"}],"author":[{"embeddable":true,"href":"https:\/\/adalgisaalmeida.com.br\/site\/wp-json\/wp\/v2\/users\/4"}],"replies":[{"embeddable":true,"href":"https:\/\/adalgisaalmeida.com.br\/site\/wp-json\/wp\/v2\/comments?post=14797"}],"version-history":[{"count":4,"href":"https:\/\/adalgisaalmeida.com.br\/site\/wp-json\/wp\/v2\/tribe_events\/14797\/revisions"}],"predecessor-version":[{"id":14832,"href":"https:\/\/adalgisaalmeida.com.br\/site\/wp-json\/wp\/v2\/tribe_events\/14797\/revisions\/14832"}],"wp:featuredmedia":[{"embeddable":true,"href":"https:\/\/adalgisaalmeida.com.br\/site\/wp-json\/wp\/v2\/media\/14828"}],"wp:attachment":[{"href":"https:\/\/adalgisaalmeida.com.br\/site\/wp-json\/wp\/v2\/media?parent=14797"}],"wp:term":[{"taxonomy":"post_tag","embeddable":true,"href":"https:\/\/adalgisaalmeida.com.br\/site\/wp-json\/wp\/v2\/tags?post=14797"},{"taxonomy":"tribe_events_cat","embeddable":true,"href":"https:\/\/adalgisaalmeida.com.br\/site\/wp-json\/wp\/v2\/tribe_events_cat?post=14797"}],"curies":[{"name":"wp","href":"https:\/\/api.w.org\/{rel}","templated":true}]}}