{"id":14773,"date":"2019-04-16T23:27:20","date_gmt":"2019-04-17T02:27:20","guid":{"rendered":"https:\/\/adalgisaalmeida.com.br\/site\/?post_type=tribe_events&#038;p=14773"},"modified":"2019-04-17T10:11:06","modified_gmt":"2019-04-17T13:11:06","slug":"curso-de-confeitaria-aula-brigadeiros-e-suas-texturas-demonstrativo","status":"publish","type":"tribe_events","link":"https:\/\/adalgisaalmeida.com.br\/site\/event\/curso-de-confeitaria-aula-brigadeiros-e-suas-texturas-demonstrativo\/","title":{"rendered":"Curso de Confeitaria &#8211; Aula Brigadeiros e Suas Texturas &#8211; DEMONSTRATIVO"},"content":{"rendered":"<h1>Curso de Confeitaria &#8211; Aula Brigadeiros e Suas Texturas<\/h1>\n<p>A Chef Ana Costa preparou um curso especial que em 3,5 horas de aula traz t\u00e9cnicas fundamentais para voc\u00ea fazer um Brigadeiro PERFEITO, de alta validade e que n\u00e3o a\u00e7ucara.<\/p>\n<p>O curso \u00e9 presencial, demonstrativo, com apostila em cores e certificado.<\/p>\n<p>Nesta aula a Chef Ana Costa vai te ensinar todos os pontos do brigadeiro: do ponto de Colher ao o ponto de bala.<\/p>\n<h1><span style=\"color: #000000;\"><span style=\"font-family: 'Arial Narrow', sans-serif;\"><span style=\"font-size: medium;\">CONTE\u00daDO:<\/span><\/span><\/span><\/h1>\n<p>Preparo em sala de aula do BRIGADEIRO de 4 sabores:<\/p>\n<ul>\n<li>Tradicional<\/li>\n<li>Lim\u00e3o com Am\u00eandoa<\/li>\n<li>Doce de Leite com Ameixa e Coco Queimado<\/li>\n<li>Baunilha com Uva<\/li>\n<\/ul>\n<p>Voc\u00ea vai tirar todas as suas d\u00favidas e aprender:<\/p>\n<ul>\n<li>Qual \u00e9 a Panela ideal para fazer o Brigadeiro<\/li>\n<li>Qual \u00e9 o Tipo de esp\u00e1tula ideal para fazer o Brigadeiro<\/li>\n<li>Qual \u00e9 a Temperatura de coc\u00e7\u00e3o do Brigadeiro<\/li>\n<li>Op\u00e7\u00f5es de venda do Brigadeiro<\/li>\n<li>Inova\u00e7\u00f5es tecnol\u00f3gicas que facilitam a vida do confeiteiro e muito mais !<\/li>\n<\/ul>\n<p><span style=\"font-family: 'Times New Roman', serif;\"><span style=\"font-size: medium;\"><span style=\"color: #1d2129;\"><span style=\"font-family: 'Arial Narrow', sans-serif;\"><b>METODOLOGIA:<\/b><\/span><\/span><\/span><\/span><\/p>\n<p><span style=\"font-family: 'Times New Roman', serif;\"><span style=\"font-size: medium;\"><span style=\"color: #1d2129;\"><span style=\"font-family: 'Arial Narrow', sans-serif;\">O curso \u00e9 demonstrativo em todas as suas etapas, e se alterna entre a demonstra\u00e7\u00e3o da professora e fundamenta\u00e7\u00e3o te\u00f3rica. Os alunos ser\u00e3o orientados de forma din\u00e2mica nas etapas das aulas, com o objetivo de, ao final do curso, terem aprendido o passo a passo da confec\u00e7\u00e3o, acabamento, conserva\u00e7\u00e3o e embalagem dos brigadeiros e toda a t\u00e9cnica que envolve a capacita\u00e7\u00e3o para tal.<\/span><\/span><\/span><\/span><\/p>\n<p><span style=\"font-family: 'Times New Roman', serif;\"><span style=\"font-size: medium;\"><span style=\"color: #1d2129;\"><span style=\"font-family: 'Arial Narrow', sans-serif;\">Cada aluno degustar\u00e1 um brigadeiro de cada sabor de brigadeiro feito em sala de aula.<\/span><\/span><\/span><\/span><\/p>\n<p><strong><span style=\"color: #000000;\"><span style=\"font-family: 'Arial Narrow', sans-serif;\"><span style=\"font-size: medium;\">INFORMA\u00c7\u00d5ES GERAIS:<\/span><\/span><\/span><\/strong><\/p>\n<p><span style=\"color: #000000;\"><span style=\"font-family: 'Arial Narrow', sans-serif;\"><span style=\"font-size: medium;\">Requisito: idade m\u00ednima de 14 anos<span style=\"color: #1d2129;\">, ter no\u00e7\u00f5es b\u00e1sicas de confeitaria.<br \/>\n<\/span>Carga Hor\u00e1ria: 3,5 horas.<br \/>\nN\u00famero de vagas: 18<br \/>\nP\u00fablico alvo: p\u00fablico geral interessado. <span style=\"font-family: 'Times New Roman', serif;\"><span style=\"color: #1d2129;\">Quem deseja aprender a fazer brigadeiros perfeitos.<\/span><\/span><br \/>\nProfessora: Ana Costa<br \/>\nRealiza\u00e7\u00e3o: dia 07 de maio de 2019, de 9:00 hs \u00e0s 12:30 hs\u00a0<\/span><\/span><\/span><\/p>\n<p><span style=\"font-family: 'Times New Roman', serif;\"><span style=\"font-size: medium;\"><span style=\"color: #1d2129;\"><span style=\"font-family: 'Arial Narrow', sans-serif;\"><b>INVESTIMENTO: <\/b><\/span><\/span><\/span><\/span><\/p>\n<p><span style=\"color: #1d2129; font-family: 'Arial Narrow', sans-serif; font-size: medium;\">3 X R$55,00 no cart\u00e3o de cr\u00e9dito ou<br \/>\nR$150,00 \u00e0 vista transfer\u00eancia ou dep\u00f3sito banc\u00e1rio<\/span><\/p>\n<p><span style=\"font-family: 'Times New Roman', serif;\"><span style=\"font-size: medium;\"><span style=\"color: #000000;\"><span style=\"font-family: 'Arial Narrow', sans-serif;\">Para se inscrever, entre em contato conosco pelo e-mail <a href=\"mailto:cursos@adalgisaalmeida.com.br\" target=\"_blank\" rel=\"noopener\">cursos@adalgisaalmeida.com.br<\/a><br \/>\nou pela central de inscri\u00e7\u00f5es no telefone (31)3344-8373 ou pelo Whatsapp (31)9 8878-0836 ou (11)98882-5155<\/span><\/span><\/span><\/span><\/p>\n","protected":false},"excerpt":{"rendered":"<p>Curso de Confeitaria &#8211; Aula Brigadeiros e Suas Texturas A Chef Ana Costa preparou um curso especial que em 3,5 horas de aula traz t\u00e9cnicas fundamentais para voc\u00ea fazer um [&hellip;]<\/p>\n","protected":false},"author":3,"featured_media":14774,"comment_status":"closed","ping_status":"closed","template":"","meta":{"_tribe_events_status":"","_tribe_events_status_reason":"","footnotes":""},"tags":[],"tribe_events_cat":[],"class_list":["post-14773","tribe_events","type-tribe_events","status-publish","hentry"],"_links":{"self":[{"href":"https:\/\/adalgisaalmeida.com.br\/site\/wp-json\/wp\/v2\/tribe_events\/14773","targetHints":{"allow":["GET"]}}],"collection":[{"href":"https:\/\/adalgisaalmeida.com.br\/site\/wp-json\/wp\/v2\/tribe_events"}],"about":[{"href":"https:\/\/adalgisaalmeida.com.br\/site\/wp-json\/wp\/v2\/types\/tribe_events"}],"author":[{"embeddable":true,"href":"https:\/\/adalgisaalmeida.com.br\/site\/wp-json\/wp\/v2\/users\/3"}],"replies":[{"embeddable":true,"href":"https:\/\/adalgisaalmeida.com.br\/site\/wp-json\/wp\/v2\/comments?post=14773"}],"version-history":[{"count":5,"href":"https:\/\/adalgisaalmeida.com.br\/site\/wp-json\/wp\/v2\/tribe_events\/14773\/revisions"}],"predecessor-version":[{"id":14792,"href":"https:\/\/adalgisaalmeida.com.br\/site\/wp-json\/wp\/v2\/tribe_events\/14773\/revisions\/14792"}],"wp:featuredmedia":[{"embeddable":true,"href":"https:\/\/adalgisaalmeida.com.br\/site\/wp-json\/wp\/v2\/media\/14774"}],"wp:attachment":[{"href":"https:\/\/adalgisaalmeida.com.br\/site\/wp-json\/wp\/v2\/media?parent=14773"}],"wp:term":[{"taxonomy":"post_tag","embeddable":true,"href":"https:\/\/adalgisaalmeida.com.br\/site\/wp-json\/wp\/v2\/tags?post=14773"},{"taxonomy":"tribe_events_cat","embeddable":true,"href":"https:\/\/adalgisaalmeida.com.br\/site\/wp-json\/wp\/v2\/tribe_events_cat?post=14773"}],"curies":[{"name":"wp","href":"https:\/\/api.w.org\/{rel}","templated":true}]}}