{"id":14729,"date":"2019-03-06T00:36:21","date_gmt":"2019-03-06T03:36:21","guid":{"rendered":"https:\/\/adalgisaalmeida.com.br\/site\/?post_type=tribe_events&#038;p=14729"},"modified":"2019-03-11T01:32:31","modified_gmt":"2019-03-11T04:32:31","slug":"encontro-rio-cake-2019-tour-minas-gerais","status":"publish","type":"tribe_events","link":"https:\/\/adalgisaalmeida.com.br\/site\/event\/encontro-rio-cake-2019-tour-minas-gerais\/","title":{"rendered":"Encontro Rio Cake 2019 Tour MINAS GERAIS"},"content":{"rendered":"<p><strong>A PR\u00d3XIMA PARADA DO ENCONTRO RIO CAKE 2019 SER\u00c1 O TOUR MINAS GERAIS, EM BELO HORIZONTE, E EST\u00c1 CHEGANDO!!<\/strong><br \/>\nNos dias 16,17 e 18 de Mar\u00e7o, na Confeitaria Adalgisa Almeida, Rua \u00c1lvaro Santos 22, Vila Paris, Belo Horizonte!<\/p>\n<p>SER\u00c3O 19 AULAS DEMONSTRATIVAS INCR\u00cdVEIS.<\/p>\n<p>Voc\u00ea pode comprar o ingresso para o dia que desejar a R$60,00, mas se quiser assistir a todas as 19 aulas que ser\u00e3o ministradas nos 3 dias, voc\u00ea s\u00f3 pagar\u00e1 R$150,00<\/p>\n<p>PRE\u00c7O DOS CONVITES:<br \/>\nDia 16: R$60,00<br \/>\nDia 17: R$60,00<br \/>\nDia 18: R$60,00<br \/>\n<strong>Pre\u00e7o promocional<\/strong> para os tr\u00eas dias que d\u00e1 o direito de assistir todas as <strong>19 aulas demonstrativas com dura\u00e7\u00e3o apoximada de 1 hora cada<\/strong>: <strong>R$150,00<\/strong><\/p>\n<p>Seu INGRESSO d\u00e1 direito a coffee break, brindes, sorteios e voc\u00ea ainda ter\u00e1 a oportunidade de comprar os produtos dos expositores.<\/p>\n<p><strong>Para informa\u00e7\u00f5es entre em contato com Bruna Braga atrav\u00e9s do WhatsApp: (21)9 8999-5504<\/strong><\/p>\n<p><em><strong>Programa\u00e7\u00e3o Dia 16 de Mar\u00e7o<\/strong><\/em><\/p>\n<p>12:00 &#8211; Adalgisa Almeida \/MG<br \/>\n&#8220;Bolo de Casamento&#8221;<\/p>\n<p>13:15 &#8211; Kelma Gual\/MG<br \/>\n&#8220;T\u00e9cnica de Decoupage&#8221;<\/p>\n<p>14:30 &#8211; Francis Lacerda\/MG<br \/>\n&#8220;Vaso de Cactos&#8221;<\/p>\n<p>16:00 &#8211; Luh Maia\/MG<br \/>\n&#8220;Fundo do Mar&#8221;<\/p>\n<p>17:15 &#8211; In\u00eas Kakol\/MG<br \/>\nArranjo Floral<\/p>\n<p>18:30 &#8211; Simone Vasconcellos<br \/>\n&#8220;Miniaturas Comest\u00edveis&#8221;<\/p>\n<p><strong>Programa\u00e7\u00e3o Dia 17 de Mar\u00e7o<\/strong><\/p>\n<p>12:00 &#8211; Fernanda B. Zoninsein<br \/>\n&#8220;Modelagem Infantil &#8221;<\/p>\n<p>13:15 &#8211; Chef Douglas Gon\u00e7alves \/MG<br \/>\n&#8220;Ovo de P\u00e1scoa Estruturado&#8221;<\/p>\n<p>14:30 &#8211; Chef Pedro Nogueira e Elder Lacerda\/MG<br \/>\n&#8220;Drip Cake Floral&#8221;<\/p>\n<p>15:30 &#8211; Thais Viana<br \/>\n&#8220;Pintura em Ovo de P\u00e1scoa&#8221;<\/p>\n<p>16:00 &#8211; Chef Alexandre Palione\/MG<br \/>\n&#8220;Drip Cake&#8221;<\/p>\n<p>17:15 &#8211; Nat\u00e1lia Kaufman \/MG<br \/>\n&#8220;Number Cake&#8221;<\/p>\n<p>18:30 &#8211; Chef Alexandre Palione\/MG<br \/>\n&#8220;Ovo de Colher com bolo de cenoura&#8221;<\/p>\n<p><em><strong>Programa\u00e7\u00e3o Dia 18 de Mar\u00e7o<\/strong><\/em><\/p>\n<p>12:00 &#8211; Carol Negr\u00e3o\/MG<br \/>\n&#8220;L\u00edrio de A\u00e7\u00facar &#8221;<\/p>\n<p>13:15 &#8211; Geisi Fontes\/MG<br \/>\n&#8220;Texturas no Chantilly&#8221;<\/p>\n<p>14:30 &#8211; C\u00e1tia Guimar\u00e3es \/MG<br \/>\n&#8220;Bolsa de Festa com tecido comest\u00edvel&#8221;<\/p>\n<p>16:00 &#8211; Juscelma Oliveira \/MG<br \/>\n&#8220;Espatulado Moderno em Buttercream&#8221;<\/p>\n<p>17:15 &#8211; C\u00e9lia Soares\/MG<br \/>\n&#8220;Pe\u00f4nia de A\u00e7\u00facar&#8221;<\/p>\n<p>18:30 &#8211; Naiara Silveira\/MG<br \/>\n&#8220;Flower Cake&#8221;<\/p>\n<p>&nbsp;<\/p>\n<p>&nbsp;<\/p>\n<p><img loading=\"lazy\" decoding=\"async\" class=\"aligncenter size-thumbnail wp-image-14747\" src=\"https:\/\/adalgisaalmeida.com.br\/site\/wp-content\/uploads\/2019\/03\/Encontro-Rio-Cake-MG-18-150x150.jpeg\" alt=\"\" width=\"150\" height=\"150\" \/><img loading=\"lazy\" decoding=\"async\" class=\"aligncenter size-thumbnail wp-image-14734\" src=\"https:\/\/adalgisaalmeida.com.br\/site\/wp-content\/uploads\/2019\/03\/Encontro-Rio-Cake-MG-5-150x150.jpeg\" alt=\"\" width=\"150\" height=\"150\" \/><img loading=\"lazy\" decoding=\"async\" class=\"aligncenter size-thumbnail wp-image-14750\" src=\"https:\/\/adalgisaalmeida.com.br\/site\/wp-content\/uploads\/2019\/03\/Encontro-Rio-Cake-MG-19-150x150.jpeg\" alt=\"\" width=\"150\" height=\"150\" \/><img loading=\"lazy\" decoding=\"async\" class=\"aligncenter size-thumbnail wp-image-14746\" src=\"https:\/\/adalgisaalmeida.com.br\/site\/wp-content\/uploads\/2019\/03\/Encontro-Rio-Cake-MG-17-150x150.jpeg\" alt=\"\" width=\"150\" height=\"150\" \/><img loading=\"lazy\" decoding=\"async\" class=\"aligncenter size-thumbnail wp-image-14745\" src=\"https:\/\/adalgisaalmeida.com.br\/site\/wp-content\/uploads\/2019\/03\/Encontro-Rio-Cake-MG-16-150x150.jpeg\" alt=\"\" width=\"150\" height=\"150\" \/><img loading=\"lazy\" decoding=\"async\" class=\"aligncenter size-thumbnail wp-image-14744\" src=\"https:\/\/adalgisaalmeida.com.br\/site\/wp-content\/uploads\/2019\/03\/Encontro-Rio-Cake-MG-15-150x150.jpeg\" alt=\"\" width=\"150\" height=\"150\" \/><img loading=\"lazy\" decoding=\"async\" class=\"aligncenter size-thumbnail wp-image-14730\" src=\"https:\/\/adalgisaalmeida.com.br\/site\/wp-content\/uploads\/2019\/03\/Rio-Cake-MG-150x150.png\" alt=\"\" width=\"150\" height=\"150\" srcset=\"https:\/\/adalgisaalmeida.com.br\/site\/wp-content\/uploads\/2019\/03\/Rio-Cake-MG-150x150.png 150w, https:\/\/adalgisaalmeida.com.br\/site\/wp-content\/uploads\/2019\/03\/Rio-Cake-MG-50x50.png 50w, https:\/\/adalgisaalmeida.com.br\/site\/wp-content\/uploads\/2019\/03\/Rio-Cake-MG-80x80.png 80w, https:\/\/adalgisaalmeida.com.br\/site\/wp-content\/uploads\/2019\/03\/Rio-Cake-MG-85x85.png 85w\" sizes=\"auto, (max-width: 150px) 100vw, 150px\" \/><img loading=\"lazy\" decoding=\"async\" class=\"aligncenter size-thumbnail wp-image-14742\" src=\"https:\/\/adalgisaalmeida.com.br\/site\/wp-content\/uploads\/2019\/03\/Encontro-Rio-Cake-MG-13-150x150.jpeg\" alt=\"\" width=\"150\" height=\"150\" \/><img loading=\"lazy\" decoding=\"async\" class=\"aligncenter size-thumbnail wp-image-14743\" src=\"https:\/\/adalgisaalmeida.com.br\/site\/wp-content\/uploads\/2019\/03\/Encontro-Rio-Cake-MG-14-150x150.jpeg\" alt=\"\" width=\"150\" height=\"150\" \/>\u00a0<img loading=\"lazy\" decoding=\"async\" class=\"aligncenter size-thumbnail wp-image-14733\" src=\"https:\/\/adalgisaalmeida.com.br\/site\/wp-content\/uploads\/2019\/03\/Encontro-Rio-Cake-MG-4-150x150.jpeg\" alt=\"\" width=\"150\" height=\"150\" \/><img loading=\"lazy\" decoding=\"async\" class=\"aligncenter size-thumbnail wp-image-14755\" src=\"https:\/\/adalgisaalmeida.com.br\/site\/wp-content\/uploads\/2019\/03\/Encontro-Rio-Cake-MG-26-150x150.jpeg\" alt=\"\" width=\"150\" height=\"150\" \/><img loading=\"lazy\" decoding=\"async\" class=\"aligncenter size-thumbnail wp-image-14741\" src=\"https:\/\/adalgisaalmeida.com.br\/site\/wp-content\/uploads\/2019\/03\/Encontro-Rio-Cake-MG-12-150x150.jpeg\" alt=\"\" width=\"150\" height=\"150\" \/><img loading=\"lazy\" decoding=\"async\" class=\"aligncenter size-thumbnail wp-image-14740\" src=\"https:\/\/adalgisaalmeida.com.br\/site\/wp-content\/uploads\/2019\/03\/Encontro-Rio-Cake-MG-11-150x150.jpeg\" alt=\"\" width=\"150\" height=\"150\" \/><img loading=\"lazy\" decoding=\"async\" class=\"aligncenter size-thumbnail wp-image-14739\" src=\"https:\/\/adalgisaalmeida.com.br\/site\/wp-content\/uploads\/2019\/03\/Encontro-Rio-Cake-MG-10-150x150.jpeg\" alt=\"\" width=\"150\" height=\"150\" \/><img loading=\"lazy\" decoding=\"async\" class=\"aligncenter size-thumbnail wp-image-14748\" src=\"https:\/\/adalgisaalmeida.com.br\/site\/wp-content\/uploads\/2019\/03\/Encontro-Rio-Cake-MG-1-150x150.jpeg\" alt=\"\" width=\"150\" height=\"150\" srcset=\"https:\/\/adalgisaalmeida.com.br\/site\/wp-content\/uploads\/2019\/03\/Encontro-Rio-Cake-MG-1-150x150.jpeg 150w, https:\/\/adalgisaalmeida.com.br\/site\/wp-content\/uploads\/2019\/03\/Encontro-Rio-Cake-MG-1-300x300.jpeg 300w, https:\/\/adalgisaalmeida.com.br\/site\/wp-content\/uploads\/2019\/03\/Encontro-Rio-Cake-MG-1-146x146.jpeg 146w, https:\/\/adalgisaalmeida.com.br\/site\/wp-content\/uploads\/2019\/03\/Encontro-Rio-Cake-MG-1-50x50.jpeg 50w, https:\/\/adalgisaalmeida.com.br\/site\/wp-content\/uploads\/2019\/03\/Encontro-Rio-Cake-MG-1-80x80.jpeg 80w, https:\/\/adalgisaalmeida.com.br\/site\/wp-content\/uploads\/2019\/03\/Encontro-Rio-Cake-MG-1-75x75.jpeg 75w, https:\/\/adalgisaalmeida.com.br\/site\/wp-content\/uploads\/2019\/03\/Encontro-Rio-Cake-MG-1-85x85.jpeg 85w, https:\/\/adalgisaalmeida.com.br\/site\/wp-content\/uploads\/2019\/03\/Encontro-Rio-Cake-MG-1.jpeg 500w\" sizes=\"auto, (max-width: 150px) 100vw, 150px\" \/><img loading=\"lazy\" decoding=\"async\" class=\"aligncenter size-thumbnail wp-image-14738\" src=\"https:\/\/adalgisaalmeida.com.br\/site\/wp-content\/uploads\/2019\/03\/Encontro-Rio-Cake-MG-9-150x150.jpeg\" alt=\"\" width=\"150\" height=\"150\" \/><img loading=\"lazy\" decoding=\"async\" class=\"aligncenter size-thumbnail wp-image-14737\" src=\"https:\/\/adalgisaalmeida.com.br\/site\/wp-content\/uploads\/2019\/03\/Encontro-Rio-Cake-MG-8-150x150.jpeg\" alt=\"\" width=\"150\" height=\"150\" \/><img loading=\"lazy\" decoding=\"async\" class=\"aligncenter size-thumbnail wp-image-14731\" src=\"https:\/\/adalgisaalmeida.com.br\/site\/wp-content\/uploads\/2019\/03\/Encontro-Rio-Cake-MG-2-150x150.jpeg\" alt=\"\" width=\"150\" height=\"150\" \/><img loading=\"lazy\" decoding=\"async\" class=\"aligncenter size-thumbnail wp-image-14736\" src=\"https:\/\/adalgisaalmeida.com.br\/site\/wp-content\/uploads\/2019\/03\/Encontro-Rio-Cake-MG-7-150x150.jpeg\" alt=\"\" width=\"150\" height=\"150\" \/><img loading=\"lazy\" decoding=\"async\" class=\"aligncenter size-thumbnail wp-image-14732\" src=\"https:\/\/adalgisaalmeida.com.br\/site\/wp-content\/uploads\/2019\/03\/Encontro-Rio-Cake-MG-3-150x150.jpeg\" alt=\"\" width=\"150\" height=\"150\" \/> \u00a0\u00a0<img loading=\"lazy\" decoding=\"async\" class=\"aligncenter size-thumbnail wp-image-14735\" src=\"https:\/\/adalgisaalmeida.com.br\/site\/wp-content\/uploads\/2019\/03\/Encontro-Rio-Cake-MG-6-150x150.jpeg\" alt=\"\" width=\"150\" height=\"150\" \/><\/p>\n","protected":false},"excerpt":{"rendered":"<p>A PR\u00d3XIMA PARADA DO ENCONTRO RIO CAKE 2019 SER\u00c1 O TOUR MINAS GERAIS, EM BELO HORIZONTE, E EST\u00c1 CHEGANDO!! Nos dias 16,17 e 18 de Mar\u00e7o, na Confeitaria Adalgisa Almeida, [&hellip;]<\/p>\n","protected":false},"author":4,"featured_media":14730,"comment_status":"closed","ping_status":"closed","template":"","meta":{"_tribe_events_status":"","_tribe_events_status_reason":"","footnotes":""},"tags":[],"tribe_events_cat":[],"class_list":["post-14729","tribe_events","type-tribe_events","status-publish","hentry"],"_links":{"self":[{"href":"https:\/\/adalgisaalmeida.com.br\/site\/wp-json\/wp\/v2\/tribe_events\/14729","targetHints":{"allow":["GET"]}}],"collection":[{"href":"https:\/\/adalgisaalmeida.com.br\/site\/wp-json\/wp\/v2\/tribe_events"}],"about":[{"href":"https:\/\/adalgisaalmeida.com.br\/site\/wp-json\/wp\/v2\/types\/tribe_events"}],"author":[{"embeddable":true,"href":"https:\/\/adalgisaalmeida.com.br\/site\/wp-json\/wp\/v2\/users\/4"}],"replies":[{"embeddable":true,"href":"https:\/\/adalgisaalmeida.com.br\/site\/wp-json\/wp\/v2\/comments?post=14729"}],"version-history":[{"count":5,"href":"https:\/\/adalgisaalmeida.com.br\/site\/wp-json\/wp\/v2\/tribe_events\/14729\/revisions"}],"predecessor-version":[{"id":14756,"href":"https:\/\/adalgisaalmeida.com.br\/site\/wp-json\/wp\/v2\/tribe_events\/14729\/revisions\/14756"}],"wp:featuredmedia":[{"embeddable":true,"href":"https:\/\/adalgisaalmeida.com.br\/site\/wp-json\/wp\/v2\/media\/14730"}],"wp:attachment":[{"href":"https:\/\/adalgisaalmeida.com.br\/site\/wp-json\/wp\/v2\/media?parent=14729"}],"wp:term":[{"taxonomy":"post_tag","embeddable":true,"href":"https:\/\/adalgisaalmeida.com.br\/site\/wp-json\/wp\/v2\/tags?post=14729"},{"taxonomy":"tribe_events_cat","embeddable":true,"href":"https:\/\/adalgisaalmeida.com.br\/site\/wp-json\/wp\/v2\/tribe_events_cat?post=14729"}],"curies":[{"name":"wp","href":"https:\/\/api.w.org\/{rel}","templated":true}]}}