{"id":14594,"date":"2018-07-25T11:09:15","date_gmt":"2018-07-25T14:09:15","guid":{"rendered":"https:\/\/adalgisaalmeida.com.br\/site\/?post_type=tribe_events&#038;p=14594"},"modified":"2018-07-27T17:10:37","modified_gmt":"2018-07-27T20:10:37","slug":"cursos-de-confeitaria-tecnicas-de-renda-renascenca-para-bolos-pratico","status":"publish","type":"tribe_events","link":"https:\/\/adalgisaalmeida.com.br\/site\/event\/cursos-de-confeitaria-tecnicas-de-renda-renascenca-para-bolos-pratico\/","title":{"rendered":"Cursos de Confeitaria &#8211; T\u00e9cnicas de Renda Renascen\u00e7a para Bolos [pr\u00e1tico]"},"content":{"rendered":"<p>Curso de Confeitaria &#8211; Bolo com Renda Renascen\u00e7a \u2013 Pr\u00e1tico<\/p>\n<p>Adalgisa Almeida preparou um curso especial que em 6 horas de aula, traz conceitos intermedi\u00e1rios e t\u00e9cnicas fundamentais de forma\u00e7\u00e3o para aqueles que desejam se aperfei\u00e7oar na confeitaria art\u00edstica.<\/p>\n<p>O Curso inclui material disponibilizado para a pr\u00e1tica, apostila em cores com passo a passo e certificado.<\/p>\n<p>Conte\u00fado:<br \/>\nA Renda Renascen\u00e7a:<br \/>\n&#8211; Seus pontos e particularidades<br \/>\n&#8211; Como aplic\u00e1-la ao bolo<br \/>\n&#8211; Como unir as flores<\/p>\n<p>O Glac\u00ea Real:<br \/>\n&#8211; Os Tr\u00eas Princ\u00edpios B\u00e1sicos Para Decora\u00e7\u00e3o Com Glac\u00ea Real<br \/>\n&#8211; Consist\u00eancia correta do glac\u00ea<br \/>\n&#8211; Posi\u00e7\u00e3o correta do saco de confeitar em rela\u00e7\u00e3o \u00e0 superf\u00edcie a ser trabalhada<br \/>\n&#8211; Controle correto da press\u00e3o que se exerce sob o saco de confeitar<br \/>\n&#8211; Exerc\u00edcios dos pontos da renda renascen\u00e7a<\/p>\n<p>Modelagem de uma flor fantasia que ser\u00e1 aplicada no bolo<\/p>\n<p>Metodologia:<br \/>\nO curso \u00e9 pr\u00e1tico em todas as suas etapas, e se alterna entre a demonstra\u00e7\u00e3o da professora e fundamenta\u00e7\u00e3o te\u00f3rica. Os alunos ser\u00e3o orientados de forma din\u00e2mica nas etapas das aulas, com o objetivo de, ao final do curso, terem aprendido o passo a passo da decora\u00e7\u00e3o de uma renda renascen\u00e7a sobre um bolo de isopor coberto com pasta americana e toda a t\u00e9cnica que envolve a capacita\u00e7\u00e3o para tal.<\/p>\n<p>Cada aluno produzir\u00e1, decorar\u00e1 e levar\u00e1 para casa o seu trabalho aplicado no bolo maquete<\/p>\n<p>Informa\u00e7\u00f5es Gerais:<\/p>\n<p>Requisitos: idade m\u00ednima de 16 anos.<\/p>\n<p>Carga Hor\u00e1ria: 6 horas.<\/p>\n<p>N\u00famero de vagas: 06<\/p>\n<p>P\u00fablico alvo: p\u00fablico geral interessado. Quem deseja aperfei\u00e7oar-se na confeitaria art\u00edstica.<\/p>\n<p>Professora: Adalgisa Almeida<\/p>\n<p>Realiza\u00e7\u00e3o: 21\/08\/2018 de 9h30 \u00e0s 17h00<\/p>\n<p>Investimento:<\/p>\n<p>De R$290<\/p>\n<p>At\u00e9 4x de R$72,50 sem juros no cart\u00e3o de cr\u00e9dito<\/p>\n<p>Desconto para pagamento \u00e0 vista, via dep\u00f3sito ou transfer\u00eancia banc\u00e1ria: R$261<\/p>\n","protected":false},"excerpt":{"rendered":"<p>Curso de Confeitaria &#8211; Bolo com Renda Renascen\u00e7a \u2013 Pr\u00e1tico Adalgisa Almeida preparou um curso especial que em 6 horas de aula, traz conceitos intermedi\u00e1rios e t\u00e9cnicas fundamentais de forma\u00e7\u00e3o [&hellip;]<\/p>\n","protected":false},"author":4,"featured_media":14595,"comment_status":"closed","ping_status":"closed","template":"","meta":{"_tribe_events_status":"","_tribe_events_status_reason":"","footnotes":""},"tags":[],"tribe_events_cat":[],"class_list":["post-14594","tribe_events","type-tribe_events","status-publish","hentry"],"_links":{"self":[{"href":"https:\/\/adalgisaalmeida.com.br\/site\/wp-json\/wp\/v2\/tribe_events\/14594","targetHints":{"allow":["GET"]}}],"collection":[{"href":"https:\/\/adalgisaalmeida.com.br\/site\/wp-json\/wp\/v2\/tribe_events"}],"about":[{"href":"https:\/\/adalgisaalmeida.com.br\/site\/wp-json\/wp\/v2\/types\/tribe_events"}],"author":[{"embeddable":true,"href":"https:\/\/adalgisaalmeida.com.br\/site\/wp-json\/wp\/v2\/users\/4"}],"replies":[{"embeddable":true,"href":"https:\/\/adalgisaalmeida.com.br\/site\/wp-json\/wp\/v2\/comments?post=14594"}],"version-history":[{"count":3,"href":"https:\/\/adalgisaalmeida.com.br\/site\/wp-json\/wp\/v2\/tribe_events\/14594\/revisions"}],"predecessor-version":[{"id":14599,"href":"https:\/\/adalgisaalmeida.com.br\/site\/wp-json\/wp\/v2\/tribe_events\/14594\/revisions\/14599"}],"wp:featuredmedia":[{"embeddable":true,"href":"https:\/\/adalgisaalmeida.com.br\/site\/wp-json\/wp\/v2\/media\/14595"}],"wp:attachment":[{"href":"https:\/\/adalgisaalmeida.com.br\/site\/wp-json\/wp\/v2\/media?parent=14594"}],"wp:term":[{"taxonomy":"post_tag","embeddable":true,"href":"https:\/\/adalgisaalmeida.com.br\/site\/wp-json\/wp\/v2\/tags?post=14594"},{"taxonomy":"tribe_events_cat","embeddable":true,"href":"https:\/\/adalgisaalmeida.com.br\/site\/wp-json\/wp\/v2\/tribe_events_cat?post=14594"}],"curies":[{"name":"wp","href":"https:\/\/api.w.org\/{rel}","templated":true}]}}