{"id":12996,"date":"2017-10-03T09:10:35","date_gmt":"2017-10-03T12:10:35","guid":{"rendered":"https:\/\/adalgisaalmeida.com.br\/site\/?post_type=tribe_events&#038;p=12996"},"modified":"2018-08-23T11:11:58","modified_gmt":"2018-08-23T14:11:58","slug":"cake-design-moduloi","status":"publish","type":"tribe_events","link":"https:\/\/adalgisaalmeida.com.br\/site\/event\/cake-design-moduloi\/","title":{"rendered":"Forma\u00e7\u00e3o de Cake Designer: M\u00f3dulo I &#8211; 22 e 23 de outubro de 2018 [pr\u00e1tico]"},"content":{"rendered":"<p>&nbsp;<\/p>\n<p><span style=\"color: #000000;\"><span style=\"font-family: 'Arial Narrow', sans-serif;\"><span style=\"font-size: medium;\"><b>FORMA\u00c7\u00c3O DE CAKE DESIGNER: M\u00d3DULO I<\/b><\/span><\/span><\/span><\/p>\n<p><span style=\"color: #000000;\"><span style=\"font-family: 'Arial Narrow', sans-serif;\"><span style=\"font-size: medium;\">Adalgisa Almeida preparou um curso especial que em 14 horas de aula, traz conceitos b\u00e1sicos e t\u00e9cnicas fundamentais de forma\u00e7\u00e3o em confeitaria para aqueles que desejam iniciar em sua carreira na confeitaria art\u00edstica. O Curso presencial inclui material disponibilizado para a pr\u00e1tica, apostila em cores com passo a passo e certificado e b\u00f4nus de acesso exclusivo ao conte\u00fado online.<\/span><\/span><\/span><\/p>\n<p><span style=\"color: #000000;\"><span style=\"font-family: 'Arial Narrow', sans-serif;\"><span style=\"font-size: medium;\">CONTE\u00daDO:<\/span><\/span><\/span><\/p>\n<p><span style=\"color: #000000;\"><span style=\"font-family: 'Arial Narrow', sans-serif;\"><span style=\"font-size: medium;\">&#8211; T\u00e9cnicas de preparo de massa<\/span><\/span><\/span><\/p>\n<p><span style=\"color: #000000;\"><span style=\"font-family: 'Arial Narrow', sans-serif;\"><span style=\"font-size: medium;\">&#8211; Preparo de recheios e t\u00e9cnicas para rechear<\/span><\/span><\/span><\/p>\n<p><span style=\"color: #000000;\"><span style=\"font-family: 'Arial Narrow', sans-serif;\"><span style=\"font-size: medium;\">&#8211; T\u00e9cnicas de blindagem com ganache<\/span><\/span><\/span><\/p>\n<p><span style=\"color: #000000;\"><span style=\"font-family: 'Arial Narrow', sans-serif;\"><span style=\"font-size: medium;\">&#8211; Prepara\u00e7\u00e3o do bolo para a aplica\u00e7\u00e3o de pasta americana<\/span><\/span><\/span><\/p>\n<p><span style=\"color: #000000;\"><span style=\"font-family: 'Arial Narrow', sans-serif;\"><span style=\"font-size: medium;\">&#8211; T\u00e9cnica de aplica\u00e7\u00e3o da pasta americana<\/span><\/span><\/span><\/p>\n<p><span style=\"color: #000000;\"><span style=\"font-family: 'Arial Narrow', sans-serif;\"><span style=\"font-size: medium;\">&#8211; Produ\u00e7\u00e3o de la\u00e7os, babados, fitas e tiras para decora\u00e7\u00e3o<\/span><\/span><\/span><\/p>\n<p><span style=\"color: #000000;\"><span style=\"font-family: 'Arial Narrow', sans-serif;\"><span style=\"font-size: medium;\">&#8211; T\u00e9cnicas de preparo, colora\u00e7\u00e3o, conserva\u00e7\u00e3o com glac\u00ea real<\/span><\/span><\/span><\/p>\n<p><span style=\"color: #000000;\"><span style=\"font-family: 'Arial Narrow', sans-serif;\"><span style=\"font-size: medium;\">&#8211; Pontos e utiliza\u00e7\u00e3o do glac\u00ea<\/span><\/span><\/span><\/p>\n<p><span style=\"color: #000000;\"><span style=\"font-family: 'Arial Narrow', sans-serif;\"><span style=\"font-size: medium;\">&#8211; Dicas de tamanho ideal para festas, transporte, c\u00e1lculo de pre\u00e7o.<\/span><\/span><\/span><\/p>\n<p><span style=\"color: #000000;\"><span style=\"font-family: 'Arial Narrow', sans-serif;\"><span style=\"font-size: medium;\">METODOLOGIA:<\/span><\/span><\/span><\/p>\n<p><span style=\"color: #000000;\"><span style=\"font-family: 'Arial Narrow', sans-serif;\"><span style=\"font-size: medium;\">O curso \u00e9 pr\u00e1tico com momentos alternados entra a demonstra\u00e7\u00e3o da professora e fundamenta\u00e7\u00e3o te\u00f3rica. Os alunos ser\u00e3o orientados dinamicamente nas etapas das aulas, com o objetivo de ao final do curso terem aprendido o passo a passo desde o preparo da massa, aplica\u00e7\u00e3o do recheio, cobertura e decora\u00e7\u00e3o de um bolo art\u00edstico.<\/span><\/span><\/span><\/p>\n<p><span style=\"color: #000000;\"><span style=\"font-family: 'Arial Narrow', sans-serif;\"><span style=\"font-size: medium;\">Cada aluno produzir\u00e1 e decorar\u00e1 seu bolo conforme a foto.<\/span><\/span><\/span><\/p>\n<p><span style=\"color: #000000;\"><span style=\"font-family: 'Arial Narrow', sans-serif;\"><span style=\"font-size: medium;\">INFORMA\u00c7\u00d5ES GERAIS:<\/span><\/span><\/span><\/p>\n<p><span style=\"color: #000000;\"><span style=\"font-family: 'Arial Narrow', sans-serif;\"><span style=\"font-size: medium;\">Requisito: idade m\u00ednima de 16 anos.<br \/>\nCarga Hor\u00e1ria: 16 horas.<br \/>\nN\u00famero de vagas: 06<br \/>\nP\u00fablico alvo: p\u00fablico geral interessado. Quem deseja iniciar-se na confeitaria art\u00edstica.<br \/>\nProfessor: Adalgisa Almeida<br \/>\nRealiza\u00e7\u00e3o: dias 22 e 23 de outubro [segunda e ter\u00e7a-feira], de 9h30 \u00e0s 18h30<\/span><\/span><\/span><\/p>\n<p><span style=\"color: #000000;\"><span style=\"font-family: 'Arial Narrow', sans-serif;\"><span style=\"font-size: medium;\">B\u00d4NUS DE CONTE\u00daDO ONLINE:<\/span><\/span><\/span><\/p>\n<p><span style=\"color: #000000;\"><span style=\"font-family: 'Arial Narrow', sans-serif;\"><span style=\"font-size: medium;\">Como forma de agregar \u00e0 pr\u00e1tica presencial o aluno receber\u00e1 por 60 dias, acesso ao conte\u00fado online do curso Introdu\u00e7\u00e3o \u00e0 Confeitaria Art\u00edstica, que inclui seis v\u00eddeo aulas com as t\u00e9cnicas b\u00e1sicas ensinadas no curso presencial, bem como mais tr\u00eas b\u00f4nus exclusivos, incluindo segunda op\u00e7\u00e3o com t\u00e9cnicas de decora\u00e7\u00e3o de bolo.<\/span><\/span><\/span><\/p>\n<p><span style=\"color: #000000;\"><span style=\"font-family: 'Arial Narrow', sans-serif;\"><span style=\"font-size: medium;\">INVESTIMENTO: <\/span><\/span><\/span><\/p>\n<p><span style=\"color: #000000;\"><span style=\"font-family: 'Arial Narrow', sans-serif;\"><span style=\"font-size: medium;\">R$1.200 em at\u00e9 6x de R$200 sem juros no cart\u00e3o de cr\u00e9dito<\/span><\/span><\/span><\/p>\n<p><span style=\"color: #000000;\"><span style=\"font-family: 'Arial Narrow', sans-serif;\"><span style=\"font-size: medium;\">Desconto de 10% para pagamento \u00e1 vista, via dep\u00f3sito ou transfer\u00eancia banc\u00e1ria: R$1.080<\/span><\/span><\/span><\/p>\n<p><span style=\"font-family: 'Times New Roman', serif;\"><span style=\"font-size: medium;\"><span style=\"color: #000000;\"><span style=\"font-family: 'Arial Narrow', sans-serif;\">Para se inscrever, entre em contato conosco pelo e-mail <a href=\"mailto:cursos@adalgisaalmeida.com.br\" target=\"_blank\" rel=\"noopener\">cursos@adalgisaalmeida.com.br<\/a><br \/>\nou pela central de inscri\u00e7\u00f5es no telefone (31) 9 97699596 (whatsapp)<\/span><\/span><\/span><\/span><\/p>\n<p>&nbsp;<\/p>\n","protected":false},"excerpt":{"rendered":"<p>&nbsp; FORMA\u00c7\u00c3O DE CAKE DESIGNER: M\u00d3DULO I Adalgisa Almeida preparou um curso especial que em 14 horas de aula, traz conceitos b\u00e1sicos e t\u00e9cnicas fundamentais de forma\u00e7\u00e3o em confeitaria para [&hellip;]<\/p>\n","protected":false},"author":4,"featured_media":14386,"comment_status":"closed","ping_status":"closed","template":"","meta":{"_tribe_events_status":"","_tribe_events_status_reason":"","footnotes":""},"tags":[],"tribe_events_cat":[],"class_list":["post-12996","tribe_events","type-tribe_events","status-publish","hentry"],"_links":{"self":[{"href":"https:\/\/adalgisaalmeida.com.br\/site\/wp-json\/wp\/v2\/tribe_events\/12996","targetHints":{"allow":["GET"]}}],"collection":[{"href":"https:\/\/adalgisaalmeida.com.br\/site\/wp-json\/wp\/v2\/tribe_events"}],"about":[{"href":"https:\/\/adalgisaalmeida.com.br\/site\/wp-json\/wp\/v2\/types\/tribe_events"}],"author":[{"embeddable":true,"href":"https:\/\/adalgisaalmeida.com.br\/site\/wp-json\/wp\/v2\/users\/4"}],"replies":[{"embeddable":true,"href":"https:\/\/adalgisaalmeida.com.br\/site\/wp-json\/wp\/v2\/comments?post=12996"}],"version-history":[{"count":26,"href":"https:\/\/adalgisaalmeida.com.br\/site\/wp-json\/wp\/v2\/tribe_events\/12996\/revisions"}],"predecessor-version":[{"id":14642,"href":"https:\/\/adalgisaalmeida.com.br\/site\/wp-json\/wp\/v2\/tribe_events\/12996\/revisions\/14642"}],"wp:featuredmedia":[{"embeddable":true,"href":"https:\/\/adalgisaalmeida.com.br\/site\/wp-json\/wp\/v2\/media\/14386"}],"wp:attachment":[{"href":"https:\/\/adalgisaalmeida.com.br\/site\/wp-json\/wp\/v2\/media?parent=12996"}],"wp:term":[{"taxonomy":"post_tag","embeddable":true,"href":"https:\/\/adalgisaalmeida.com.br\/site\/wp-json\/wp\/v2\/tags?post=12996"},{"taxonomy":"tribe_events_cat","embeddable":true,"href":"https:\/\/adalgisaalmeida.com.br\/site\/wp-json\/wp\/v2\/tribe_events_cat?post=12996"}],"curies":[{"name":"wp","href":"https:\/\/api.w.org\/{rel}","templated":true}]}}