{"id":12886,"date":"2017-02-02T18:35:49","date_gmt":"2017-02-02T21:35:49","guid":{"rendered":"https:\/\/adalgisaalmeida.com.br\/site\/?post_type=tribe_events&#038;p=12886"},"modified":"2017-02-02T18:49:14","modified_gmt":"2017-02-02T21:49:14","slug":"aula-de-confeitaria-modelagem-estilizada-da-branca-de-neve-para-topo-de-bolo","status":"publish","type":"tribe_events","link":"https:\/\/adalgisaalmeida.com.br\/site\/event\/aula-de-confeitaria-modelagem-estilizada-da-branca-de-neve-para-topo-de-bolo\/","title":{"rendered":"Aula de Confeitaria: Modelagem Estilizada da Branca de Neve para topo de bolo"},"content":{"rendered":"<p>Esta aula \u00e9 pr\u00e1tica em formato de oficina de trabalho, com objetivo de ensinar as t\u00e9cnicas e o desenvolvimento dos processos de modelagem, desde a familiariza\u00e7\u00e3o com os materiais e ferramentas como a constru\u00e7\u00e3o da estrutura e modelagem do personagem.<\/p>\n<p>As modelagens em a\u00e7\u00facar s\u00e3o muito requisitadas, causam impacto e personalizam o bolo ou a mesa de doces. Com muito cuidado em todos os detalhes, utilizando t\u00e9cnicas corretas e os materiais adequados, suas modelagens far\u00e3o toda a diferen\u00e7a na festa.<\/p>\n<p>Conte\u00fado:<br \/>\n\u00b7 Utens\u00edlios e equipamentos adequados<br \/>\n\u00b7 Tipos de pastas e quais s\u00e3o as mais indicadas<br \/>\n\u00b7 Receita ideal de Rice Krispies para moldar a saia da Branca de Neve<br \/>\n\u00b7 Estrutura\u00e7\u00e3o e estabilidade da modelagem<br \/>\n\u00b7 Modelagem da Branca de Neve medindo aproximadamente 15cm, conforme foto em anexo, que o aluno levar\u00e1 para casa.<br \/>\n\u00b7 Pre\u00e7o de venda<br \/>\n\u00b7 Validade e conserva\u00e7\u00e3o<\/p>\n<p>Informa\u00e7\u00f5es de inscri\u00e7\u00e3o:<br \/>\nRealiza\u00e7\u00e3o: dia 20\/02\/2017 de 13:30 \u00e0s 17:30<br \/>\nRequisito: Idade m\u00ednima de 16 anos. N\u00e3o \u00e9 necess\u00e1rio trazer nenhum material.<br \/>\nCarga Hor\u00e1ria: 4 horas<br \/>\nProfessora: Adalgisa Almeida<br \/>\nInvestimento: R$450 em at\u00e9 3x sem juros no cart\u00e3o de cr\u00e9dito.<br \/>\nR$405 (10% de desconto para pagamento por dep\u00f3sito ou transfer\u00eancia banc\u00e1ria)<\/p>\n<p>Para se inscrever, entre em contato conosco pelo e-mail cursos@adalgisaalmeida.com.br<br \/>\nou pela central de inscri\u00e7\u00f5es nos telefones (31) 9 97699596 (Whatsapp) ou (31) 9 92666924<\/p>\n","protected":false},"excerpt":{"rendered":"<p>Esta aula \u00e9 pr\u00e1tica em formato de oficina de trabalho, com objetivo de ensinar as t\u00e9cnicas e o desenvolvimento dos processos de modelagem, desde a familiariza\u00e7\u00e3o com os materiais e [&hellip;]<\/p>\n","protected":false},"author":3,"featured_media":12885,"comment_status":"closed","ping_status":"closed","template":"","meta":{"_tribe_events_status":"","_tribe_events_status_reason":"","footnotes":""},"tags":[],"tribe_events_cat":[],"class_list":["post-12886","tribe_events","type-tribe_events","status-publish","hentry"],"_links":{"self":[{"href":"https:\/\/adalgisaalmeida.com.br\/site\/wp-json\/wp\/v2\/tribe_events\/12886","targetHints":{"allow":["GET"]}}],"collection":[{"href":"https:\/\/adalgisaalmeida.com.br\/site\/wp-json\/wp\/v2\/tribe_events"}],"about":[{"href":"https:\/\/adalgisaalmeida.com.br\/site\/wp-json\/wp\/v2\/types\/tribe_events"}],"author":[{"embeddable":true,"href":"https:\/\/adalgisaalmeida.com.br\/site\/wp-json\/wp\/v2\/users\/3"}],"replies":[{"embeddable":true,"href":"https:\/\/adalgisaalmeida.com.br\/site\/wp-json\/wp\/v2\/comments?post=12886"}],"version-history":[{"count":1,"href":"https:\/\/adalgisaalmeida.com.br\/site\/wp-json\/wp\/v2\/tribe_events\/12886\/revisions"}],"predecessor-version":[{"id":12887,"href":"https:\/\/adalgisaalmeida.com.br\/site\/wp-json\/wp\/v2\/tribe_events\/12886\/revisions\/12887"}],"wp:featuredmedia":[{"embeddable":true,"href":"https:\/\/adalgisaalmeida.com.br\/site\/wp-json\/wp\/v2\/media\/12885"}],"wp:attachment":[{"href":"https:\/\/adalgisaalmeida.com.br\/site\/wp-json\/wp\/v2\/media?parent=12886"}],"wp:term":[{"taxonomy":"post_tag","embeddable":true,"href":"https:\/\/adalgisaalmeida.com.br\/site\/wp-json\/wp\/v2\/tags?post=12886"},{"taxonomy":"tribe_events_cat","embeddable":true,"href":"https:\/\/adalgisaalmeida.com.br\/site\/wp-json\/wp\/v2\/tribe_events_cat?post=12886"}],"curies":[{"name":"wp","href":"https:\/\/api.w.org\/{rel}","templated":true}]}}