{"id":12853,"date":"2016-12-23T14:58:04","date_gmt":"2016-12-23T17:58:04","guid":{"rendered":"https:\/\/adalgisaalmeida.com.br\/site\/?post_type=tribe_events&#038;p=12853"},"modified":"2017-09-29T17:32:48","modified_gmt":"2017-09-29T20:32:48","slug":"12853","status":"publish","type":"tribe_events","link":"https:\/\/adalgisaalmeida.com.br\/site\/event\/12853\/","title":{"rendered":"Curso de Confeitaria &#8211; T\u00e9cnicas de decora\u00e7\u00e3o de bolos &#8211; Cremes e Buttercream- 16\/10\/2017"},"content":{"rendered":"<p><strong>T\u00e9cnicas de decora\u00e7\u00e3o de bolos &#8211; Cremes e Buttercream<\/strong><\/p>\n<p><span style=\"font-family: georgia, serif;\">Aula Demonstrativa <\/span><\/p>\n<p><span style=\"font-family: georgia, serif;\">Os alunos aprender\u00e3o a fazer uma massa, dois tipos de recheio. <\/span><\/p>\n<p><span style=\"font-family: georgia, serif;\">O bolo ser\u00e1 recheado e decorado com a utiliza\u00e7\u00e3o de t\u00e9cnicas em buttercream.\u00a0<\/span><\/p>\n<p dir=\"ltr\"><span style=\"font-family: georgia, serif;\">Aula demonstrativa\u00a0de aprendizagem e aperfei\u00e7oamento de preparo de bolos. Cada aluno receber\u00e1 uma apostila detalhada e certificado.<\/span><\/p>\n<p dir=\"ltr\"><span style=\"font-family: georgia, serif;\">Conte\u00fado:<\/span><\/p>\n<ul>\n<li><span style=\"font-family: georgia, serif;\">Elabora\u00e7\u00e3o de massa e recheios<\/span><\/li>\n<li dir=\"ltr\"><span style=\"font-family: georgia, serif;\">T\u00e9cnicas para rechear<\/span><\/li>\n<li dir=\"ltr\"><span style=\"font-family: georgia, serif;\">Como\u00a0deixar o bolo retinho e &#8220;lisinho&#8221;<\/span><\/li>\n<li dir=\"ltr\"><span style=\"font-family: georgia, serif;\">Acabamento buttercream<\/span><\/li>\n<li dir=\"ltr\"><span style=\"font-family: georgia, serif;\">T\u00e9cnicas com saco e bico de confeitar em decora\u00e7\u00e3o de bolos<\/span><\/li>\n<li dir=\"ltr\"><span style=\"font-family: georgia, serif;\">Tingimento e degrad\u00eas<\/span><\/li>\n<li dir=\"ltr\"><span style=\"font-family: georgia, serif;\">Dicas de conserva\u00e7\u00e3o, durabilidade, processo de confec\u00e7\u00e3o<br \/>\n<\/span><\/li>\n<li dir=\"ltr\"><span style=\"font-family: georgia, serif;\">Conceitos sobre propor\u00e7\u00e3o de receitas, tamanho do bolo x n\u00famero de convidados<\/span><\/li>\n<li dir=\"ltr\"><span style=\"font-family: georgia, serif;\">Dicas sobre\u00a0o transporte e pre\u00e7os finais para o cliente<\/span><\/li>\n<\/ul>\n<p dir=\"ltr\"><span style=\"font-family: georgia, serif;\">Informa\u00e7\u00f5es de inscri\u00e7\u00e3o:<\/span><\/p>\n<p><span style=\"font-family: georgia, serif;\">Realiza\u00e7\u00e3o: dia 16\/10\/2017 das\u00a013:30 \u00e0s\u00a017:00<br \/>\n<\/span><\/p>\n<p dir=\"ltr\"><span style=\"font-family: georgia, serif;\">Requisito: Idade m\u00ednima de 16 anos. N\u00e3o \u00e9 necess\u00e1rio trazer nenhum material.<br \/>\nCarga Hor\u00e1ria: 3 horas e 30 minutos.<\/span><\/p>\n<p dir=\"ltr\"><span style=\"font-family: georgia, serif;\">Curso\u00a0demonstrativo<br \/>\nProfessora: Gabriela Almeida<\/span><\/p>\n<p dir=\"ltr\"><span style=\"font-family: georgia, serif;\">Investimento:<br \/>\nR$150\u00a0em at\u00e9 3 x sem juros de R$50<br \/>\nR$135\u00a0(10% de desconto para pagamento \u00e0 vista mediante transfer\u00eancia ou dep\u00f3sito)<\/span><\/p>\n<p dir=\"ltr\">Para se inscrever, entre em contato conosco pelo e-mail <a href=\"mailto:cursos@adalgisaalmeida.com.br\" target=\"_blank\" rel=\"noopener noreferrer\">cursos@adalgisaalmeida.com.br<\/a><br \/>\nou pela central de inscri\u00e7\u00f5es nos telefones (31) 9 97699596 (whatsapp)<\/p>\n","protected":false},"excerpt":{"rendered":"<p>T\u00e9cnicas de decora\u00e7\u00e3o de bolos &#8211; Cremes e Buttercream Aula Demonstrativa Os alunos aprender\u00e3o a fazer uma massa, dois tipos de recheio. O bolo ser\u00e1 recheado e decorado com a [&hellip;]<\/p>\n","protected":false},"author":3,"featured_media":12908,"comment_status":"closed","ping_status":"closed","template":"","meta":{"_tribe_events_status":"","_tribe_events_status_reason":"","footnotes":""},"tags":[],"tribe_events_cat":[],"class_list":["post-12853","tribe_events","type-tribe_events","status-publish","hentry"],"_links":{"self":[{"href":"https:\/\/adalgisaalmeida.com.br\/site\/wp-json\/wp\/v2\/tribe_events\/12853","targetHints":{"allow":["GET"]}}],"collection":[{"href":"https:\/\/adalgisaalmeida.com.br\/site\/wp-json\/wp\/v2\/tribe_events"}],"about":[{"href":"https:\/\/adalgisaalmeida.com.br\/site\/wp-json\/wp\/v2\/types\/tribe_events"}],"author":[{"embeddable":true,"href":"https:\/\/adalgisaalmeida.com.br\/site\/wp-json\/wp\/v2\/users\/3"}],"replies":[{"embeddable":true,"href":"https:\/\/adalgisaalmeida.com.br\/site\/wp-json\/wp\/v2\/comments?post=12853"}],"version-history":[{"count":2,"href":"https:\/\/adalgisaalmeida.com.br\/site\/wp-json\/wp\/v2\/tribe_events\/12853\/revisions"}],"predecessor-version":[{"id":12899,"href":"https:\/\/adalgisaalmeida.com.br\/site\/wp-json\/wp\/v2\/tribe_events\/12853\/revisions\/12899"}],"wp:featuredmedia":[{"embeddable":true,"href":"https:\/\/adalgisaalmeida.com.br\/site\/wp-json\/wp\/v2\/media\/12908"}],"wp:attachment":[{"href":"https:\/\/adalgisaalmeida.com.br\/site\/wp-json\/wp\/v2\/media?parent=12853"}],"wp:term":[{"taxonomy":"post_tag","embeddable":true,"href":"https:\/\/adalgisaalmeida.com.br\/site\/wp-json\/wp\/v2\/tags?post=12853"},{"taxonomy":"tribe_events_cat","embeddable":true,"href":"https:\/\/adalgisaalmeida.com.br\/site\/wp-json\/wp\/v2\/tribe_events_cat?post=12853"}],"curies":[{"name":"wp","href":"https:\/\/api.w.org\/{rel}","templated":true}]}}