{"id":12827,"date":"2016-12-23T06:20:08","date_gmt":"2016-12-23T09:20:08","guid":{"rendered":"https:\/\/adalgisaalmeida.com.br\/site\/?post_type=tribe_events&#038;p=12827"},"modified":"2017-01-11T07:32:43","modified_gmt":"2017-01-11T10:32:43","slug":"curso-de-introducao-a-confeitaria-doces-conceitos-basicos","status":"publish","type":"tribe_events","link":"https:\/\/adalgisaalmeida.com.br\/site\/event\/curso-de-introducao-a-confeitaria-doces-conceitos-basicos\/","title":{"rendered":"Doces para festas &#8211; B\u00e1sico &#8211; 23\/01\/2017"},"content":{"rendered":"<p><span style=\"color: #000000;\"><span style=\"font-family: 'Arial Narrow', sans-serif;\"><span style=\"font-size: medium;\"><b>Aula de Doces\u00a0<\/b><\/span><\/span><\/span><\/p>\n<p><span style=\"font-family: georgia, serif;\">Oficina pr\u00e1tica de aprendizagem e aperfei\u00e7oamento de preparo de doces, onde ao final da aula, o aluno estar\u00e1 apto a receber encomendas de docinhos de festa.\u00a0<\/span><\/p>\n<p><span style=\"font-family: georgia, serif;\">Apostila ilustrativa e certificado inclu\u00eddos.<\/span><\/p>\n<p><span style=\"font-family: georgia, serif;\">Conte\u00fado:<br \/>\nSer\u00e3o ensinados, passo a passo, seis receitas de deliciosos doces tradicionais: brigadeiro, beijinho, moranguinho, ele e ela, cajuzinho, prest\u00edgio, olho de sogra.<br \/>\nConceitos b\u00e1sicos &#8211; Dicas de compra dos ingredientes &#8211; embalagens &#8211; planejamento de produ\u00e7\u00e3o &#8211; padroniza\u00e7\u00e3o \u2013 conserva\u00e7\u00e3o &#8211; log\u00edstica e armazenamento &#8211; produ\u00e7\u00e3o em larga escala.<br \/>\n<\/span><\/p>\n<p class=\"western\"><span style=\"color: #000000;\"><span style=\"font-family: 'Arial Narrow', sans-serif;\"><span style=\"font-size: medium;\"><b>Metodologia:<\/b><\/span><\/span><\/span><\/p>\n<p class=\"western\"><span style=\"color: #000000;\"><span style=\"font-family: 'Arial Narrow', sans-serif;\"><span style=\"font-size: medium;\">Todos os doces s\u00e3o feitos passo a passo em aula com fornecimento de apostila detalhada com foto e certificado. Ser\u00e3o ensinadas v\u00e1rias t\u00e9cnicas diferenciadas para se obter uma massa com textura aveludada, saborosa, de f\u00e1cil manuseio. O aluno aprender\u00e1 tamb\u00e9m a fazer o doce recheado, o ponto correto de enrolar e dos doces de colher para serem utilizados em verrines. O aluno leva pra casa os doces que fizer.<\/span><\/span><\/span><\/p>\n<p class=\"western\"><span style=\"color: #000000;\"><span style=\"font-family: 'Arial Narrow', sans-serif;\"><span style=\"font-size: medium;\"><b>Informa\u00e7\u00f5es de inscri\u00e7\u00e3o:<\/b><\/span><\/span><\/span><\/p>\n<p class=\"western\"><span style=\"color: #000000;\"><span style=\"font-family: 'Arial Narrow', sans-serif;\"><span style=\"font-size: medium;\">Hor\u00e1rio: 23\/01\/2017 de 13h30 as 17h00<br \/>\nRequisito: Idade m\u00ednima de 16 anos. N\u00e3o \u00e9 necess\u00e1rio trazer nenhum material.<br \/>\nCarga Hor\u00e1ria: 3 horas e 30 min.<br \/>\nProfessora: Gabriela Almeida<\/span><\/span><\/span><\/p>\n<p class=\"western\"><span style=\"color: #000000;\"><span style=\"font-family: 'Arial Narrow', sans-serif;\"><span style=\"font-size: medium;\"><b>Investimento<\/b><b>:<\/b><\/span><\/span><\/span><\/p>\n<p class=\"western\"><span style=\"color: #000000;\"><span style=\"font-family: 'Arial Narrow', sans-serif;\"><span style=\"font-size: medium;\"><b>R<\/b><\/span><\/span><\/span><span style=\"color: #000000;\"><span style=\"font-family: 'Arial Narrow', sans-serif;\"><span style=\"font-size: medium;\">$435,00<\/span><\/span><\/span><\/p>\n<p class=\"western\"><span style=\"color: #000000;\"><span style=\"font-family: 'Arial Narrow', sans-serif;\"><span style=\"font-size: medium;\">At\u00e9 3x de <strong>R$<\/strong><strong>1<\/strong><strong>45<\/strong><strong>,<\/strong><strong>00 sem juros<\/strong> no cart\u00e3o de cr\u00e9dito.<\/span><\/span><\/span><\/p>\n<p class=\"western\"><span style=\"color: #000000;\"><span style=\"font-family: 'Arial Narrow', sans-serif;\"><span style=\"font-size: medium;\">R$391,00 (10% de desconto para pagamento por dep\u00f3sito ou transfer\u00eancia banc\u00e1ria)<\/span><\/span><\/span><\/p>\n<h2 class=\"western\" align=\"JUSTIFY\"><\/h2>\n<p>Para se inscrever, entre em contato conosco pelo e-mail <a href=\"mailto:cursos@adalgisaalmeida.com.br\" target=\"_blank\">cursos@adalgisaalmeida.com.br<\/a><br \/>\nou pela central de inscri\u00e7\u00f5es nos telefones (31) 9 97699596 (whatsapp) ou (31) 9 92666924<\/p>\n","protected":false},"excerpt":{"rendered":"<p>Aula de Doces\u00a0 Oficina pr\u00e1tica de aprendizagem e aperfei\u00e7oamento de preparo de doces, onde ao final da aula, o aluno estar\u00e1 apto a receber encomendas de docinhos de festa.\u00a0 Apostila [&hellip;]<\/p>\n","protected":false},"author":3,"featured_media":12860,"comment_status":"closed","ping_status":"closed","template":"","meta":{"_tribe_events_status":"","_tribe_events_status_reason":"","footnotes":""},"tags":[],"tribe_events_cat":[],"class_list":["post-12827","tribe_events","type-tribe_events","status-publish","hentry"],"_links":{"self":[{"href":"https:\/\/adalgisaalmeida.com.br\/site\/wp-json\/wp\/v2\/tribe_events\/12827","targetHints":{"allow":["GET"]}}],"collection":[{"href":"https:\/\/adalgisaalmeida.com.br\/site\/wp-json\/wp\/v2\/tribe_events"}],"about":[{"href":"https:\/\/adalgisaalmeida.com.br\/site\/wp-json\/wp\/v2\/types\/tribe_events"}],"author":[{"embeddable":true,"href":"https:\/\/adalgisaalmeida.com.br\/site\/wp-json\/wp\/v2\/users\/3"}],"replies":[{"embeddable":true,"href":"https:\/\/adalgisaalmeida.com.br\/site\/wp-json\/wp\/v2\/comments?post=12827"}],"version-history":[{"count":0,"href":"https:\/\/adalgisaalmeida.com.br\/site\/wp-json\/wp\/v2\/tribe_events\/12827\/revisions"}],"wp:featuredmedia":[{"embeddable":true,"href":"https:\/\/adalgisaalmeida.com.br\/site\/wp-json\/wp\/v2\/media\/12860"}],"wp:attachment":[{"href":"https:\/\/adalgisaalmeida.com.br\/site\/wp-json\/wp\/v2\/media?parent=12827"}],"wp:term":[{"taxonomy":"post_tag","embeddable":true,"href":"https:\/\/adalgisaalmeida.com.br\/site\/wp-json\/wp\/v2\/tags?post=12827"},{"taxonomy":"tribe_events_cat","embeddable":true,"href":"https:\/\/adalgisaalmeida.com.br\/site\/wp-json\/wp\/v2\/tribe_events_cat?post=12827"}],"curies":[{"name":"wp","href":"https:\/\/api.w.org\/{rel}","templated":true}]}}