{"id":12816,"date":"2016-10-21T10:46:20","date_gmt":"2016-10-21T13:46:20","guid":{"rendered":"https:\/\/adalgisaalmeida.com.br\/site\/?post_type=tribe_events&#038;p=12816"},"modified":"2017-01-23T09:51:59","modified_gmt":"2017-01-23T12:51:59","slug":"curso-de-confeitaria-tecnicas-com-bicos-de-confeitar-com-claudia-thomaz","status":"publish","type":"tribe_events","link":"https:\/\/adalgisaalmeida.com.br\/site\/event\/curso-de-confeitaria-tecnicas-com-bicos-de-confeitar-com-claudia-thomaz\/","title":{"rendered":"Curso de Confeitaria &#8211; T\u00e9cnicas com Bicos de Confeitar com Cl\u00e1udia Thomaz &#8211; 27 e 28\/03\/2017"},"content":{"rendered":"<div class=\"gmail_extra\">\n<p><span lang=\"pt-BR\"><b>T\u00e9cnicas<\/b><\/span><span lang=\"pt-BR\"><b>\u00a0com\u00a0<\/b><\/span><span lang=\"pt-BR\"><b>B<\/b><\/span><span lang=\"pt-BR\"><b>icos de\u00a0<\/b><\/span><span lang=\"pt-BR\"><b>C<\/b><\/span><span lang=\"pt-BR\"><b>onfeitar<\/b><\/span><\/p>\n<p><span style=\"font-family: georgia, serif;\">Oficina pr\u00e1tica de aprendizagem e aperfei\u00e7oamento de t\u00e9cnicas de trabalhos com bicos de confeitar. Ao final da aula, o aluno estar\u00e1 mais capacitado a aplicar as t\u00e9cnicas em bolos para v\u00e1rias ocasi\u00f5es. Apostila ilustrativa e certificado inclu\u00eddos.<\/span><\/p>\n<p><span style=\"font-family: georgia, serif;\">Conte\u00fado:<br \/>\nSer\u00e3o ensinados, passo a passo, exerc\u00edcios b\u00e1sicos, pitangas, ondas, conchas, conchas reversas, Ponto cord\u00e3o, linhas, sobreposi\u00e7\u00f5es, babados, guirlandas, cestaria e mios\u00f3tis.\u00a0<\/span><\/p>\n<p><span style=\"font-family: georgia, serif;\">Metodologia:<br \/>\nSer\u00e3o ensinadas v\u00e1rias t\u00e9cnicas diferenciadas para se obter conhecimento dos exerc\u00edcios e din\u00e2mica de funcionamento dos principais bicos de confeitar.<\/span><\/p>\n<p><span style=\"font-family: georgia, serif;\">Informa\u00e7\u00f5es de inscri\u00e7\u00e3o:<br \/>\nRealiza\u00e7\u00e3o: 27 e 28\/03 das 09h30 as 12h30<br \/>\nRequisito: Idade m\u00ednima de 16 anos. N\u00e3o \u00e9 necess\u00e1rio trazer nenhum material.<br \/>\nCarga Hor\u00e1ria: 6 horas<\/span><\/p>\n<p><span style=\"font-family: georgia, serif;\">Professora: Claudia Thomaz<\/span><\/p>\n<p><span style=\"font-family: georgia, serif;\">Investimento:<br \/>\nR$ 540,00<br \/>\nAt\u00e9 3x de R$ 180,00 sem juros no cart\u00e3o de cr\u00e9dito.<br \/>\nR$486,00 (10% de desconto para pagamento por dep\u00f3sito ou transfer\u00eancia banc\u00e1ria)<\/span><\/p>\n<p><b><span style=\"font-family: georgia, serif;\"><span lang=\"pt-BR\">Combo\u00a0<\/span><span lang=\"pt-BR\">T\u00e9cnicas\u00a0<\/span><span lang=\"pt-BR\">de\u00a0<\/span><span lang=\"pt-BR\">F<\/span><span lang=\"pt-BR\">lores em\u00a0<\/span><span lang=\"pt-BR\">G<\/span><span lang=\"pt-BR\">lac\u00ea\u00a0<\/span><span lang=\"pt-BR\">Real\u00a0<\/span><span lang=\"pt-BR\">+\u00a0<\/span><span lang=\"pt-BR\">T\u00e9cnicas<\/span><span lang=\"pt-BR\">\u00a0com\u00a0<\/span><span lang=\"pt-BR\">B<\/span><span lang=\"pt-BR\"><wbr \/>icos de\u00a0<\/span><span lang=\"pt-BR\">C<\/span><span lang=\"pt-BR\">onfeitar.<\/span><\/span><\/b><\/p>\n<p><span style=\"font-family: georgia, serif;\">R$950,00 (12\u00a0% de desconto para pagamento por dep\u00f3sito ou transfer\u00eancia banc\u00e1ria\u00a0dos dois cursos)<\/span><\/p>\n<p><span style=\"font-family: Calibri, serif;\"><span lang=\"pt-BR\">Para se inscrever, entre em contato conosco pelo e-mail <a href=\"mailto:cursos@adalgisaalmeida.com.br\" target=\"_blank\">cursos@adalgisaalmeida.com.br<\/a><\/span><\/span><br \/>\n<span style=\"font-family: Calibri, serif;\"><span lang=\"pt-BR\">ou pela central de inscri\u00e7\u00f5es no telefone (31) 9 97699596 (whatsapp)<\/span><\/span><\/p>\n<\/div>\n<div class=\"yj6qo ajU\">\n<div id=\":2f9\" class=\"ajR\" tabindex=\"0\" data-tooltip=\"Mostrar conte\u00fado cortado\"><img decoding=\"async\" class=\"ajT\" src=\"https:\/\/ssl.gstatic.com\/ui\/v1\/icons\/mail\/images\/cleardot.gif\" \/><\/div>\n<\/div>\n","protected":false},"excerpt":{"rendered":"<p>T\u00e9cnicas\u00a0com\u00a0Bicos de\u00a0Confeitar Oficina pr\u00e1tica de aprendizagem e aperfei\u00e7oamento de t\u00e9cnicas de trabalhos com bicos de confeitar. Ao final da aula, o aluno estar\u00e1 mais capacitado a aplicar as t\u00e9cnicas em [&hellip;]<\/p>\n","protected":false},"author":3,"featured_media":12820,"comment_status":"closed","ping_status":"closed","template":"","meta":{"_tribe_events_status":"","_tribe_events_status_reason":"","footnotes":""},"tags":[],"tribe_events_cat":[],"class_list":["post-12816","tribe_events","type-tribe_events","status-publish","hentry"],"_links":{"self":[{"href":"https:\/\/adalgisaalmeida.com.br\/site\/wp-json\/wp\/v2\/tribe_events\/12816","targetHints":{"allow":["GET"]}}],"collection":[{"href":"https:\/\/adalgisaalmeida.com.br\/site\/wp-json\/wp\/v2\/tribe_events"}],"about":[{"href":"https:\/\/adalgisaalmeida.com.br\/site\/wp-json\/wp\/v2\/types\/tribe_events"}],"author":[{"embeddable":true,"href":"https:\/\/adalgisaalmeida.com.br\/site\/wp-json\/wp\/v2\/users\/3"}],"replies":[{"embeddable":true,"href":"https:\/\/adalgisaalmeida.com.br\/site\/wp-json\/wp\/v2\/comments?post=12816"}],"version-history":[{"count":1,"href":"https:\/\/adalgisaalmeida.com.br\/site\/wp-json\/wp\/v2\/tribe_events\/12816\/revisions"}],"predecessor-version":[{"id":12850,"href":"https:\/\/adalgisaalmeida.com.br\/site\/wp-json\/wp\/v2\/tribe_events\/12816\/revisions\/12850"}],"wp:featuredmedia":[{"embeddable":true,"href":"https:\/\/adalgisaalmeida.com.br\/site\/wp-json\/wp\/v2\/media\/12820"}],"wp:attachment":[{"href":"https:\/\/adalgisaalmeida.com.br\/site\/wp-json\/wp\/v2\/media?parent=12816"}],"wp:term":[{"taxonomy":"post_tag","embeddable":true,"href":"https:\/\/adalgisaalmeida.com.br\/site\/wp-json\/wp\/v2\/tags?post=12816"},{"taxonomy":"tribe_events_cat","embeddable":true,"href":"https:\/\/adalgisaalmeida.com.br\/site\/wp-json\/wp\/v2\/tribe_events_cat?post=12816"}],"curies":[{"name":"wp","href":"https:\/\/api.w.org\/{rel}","templated":true}]}}